{"id":4014,"date":"2024-04-24T15:12:36","date_gmt":"2024-04-24T14:12:36","guid":{"rendered":"https:\/\/nikolaus-kopernikus-gymnasium.de\/nkgweb\/?page_id=4014"},"modified":"2026-04-28T15:05:41","modified_gmt":"2026-04-28T14:05:41","slug":"ags-smv-und-mehr","status":"publish","type":"page","link":"https:\/\/nikolaus-kopernikus-gymnasium.de\/nkgweb\/index.php\/ags-smv-und-mehr\/","title":{"rendered":"AGs, SMV und mehr"},"content":{"rendered":"\t\t<div data-elementor-type=\"wp-page\" data-elementor-id=\"4014\" class=\"elementor elementor-4014\">\n\t\t\t\t\t\t<section class=\"elementor-section elementor-top-section elementor-element elementor-element-f7eaf11 elementor-section-boxed elementor-section-height-default elementor-section-height-default\" data-id=\"f7eaf11\" data-element_type=\"section\" data-e-type=\"section\">\n\t\t\t\t\t\t<div class=\"elementor-container elementor-column-gap-default\">\n\t\t\t\t\t<div class=\"elementor-column elementor-col-100 elementor-top-column elementor-element elementor-element-44afdea\" data-id=\"44afdea\" data-element_type=\"column\" data-e-type=\"column\">\n\t\t\t<div class=\"elementor-widget-wrap elementor-element-populated\">\n\t\t\t\t\t\t<div class=\"elementor-element elementor-element-56775e5 elementor-widget elementor-widget-heading\" data-id=\"56775e5\" data-element_type=\"widget\" data-e-type=\"widget\" data-widget_type=\"heading.default\">\n\t\t\t\t<div class=\"elementor-widget-container\">\n\t\t\t\t\t<h2 class=\"elementor-heading-title elementor-size-default\">AGs &amp; SMV <\/h2>\t\t\t\t<\/div>\n\t\t\t\t<\/div>\n\t\t\t\t\t<\/div>\n\t\t<\/div>\n\t\t\t\t\t<\/div>\n\t\t<\/section>\n\t\t\t\t<section class=\"elementor-section elementor-top-section elementor-element elementor-element-5b035a6 elementor-section-boxed elementor-section-height-default elementor-section-height-default\" data-id=\"5b035a6\" data-element_type=\"section\" data-e-type=\"section\">\n\t\t\t\t\t\t<div class=\"elementor-container elementor-column-gap-default\">\n\t\t\t\t\t<div class=\"elementor-column elementor-col-100 elementor-top-column elementor-element elementor-element-75ad005\" data-id=\"75ad005\" data-element_type=\"column\" data-e-type=\"column\">\n\t\t\t<div class=\"elementor-widget-wrap elementor-element-populated\">\n\t\t\t\t\t\t<div class=\"elementor-element elementor-element-6d89e28 elementor-widget elementor-widget-text-editor\" data-id=\"6d89e28\" data-element_type=\"widget\" data-e-type=\"widget\" data-widget_type=\"text-editor.default\">\n\t\t\t\t<div class=\"elementor-widget-container\">\n\t\t\t\t\t\t\t\t\t<p>In unseren AGs haben die Sch\u00fclerinnen und Sch\u00fcler die M\u00f6glichkeit sich auch au\u00dferhalb des Unterrichts sportlich und gestalterisch zu bet\u00e4tigen sowie spannende Projekte zu planen und umzusetzen. Nachfolgend erhalten Sie einen \u00dcberblick zu den verschiedenen AG-Angeboten und zur SMV.<\/p>\t\t\t\t\t\t\t\t<\/div>\n\t\t\t\t<\/div>\n\t\t\t\t\t<\/div>\n\t\t<\/div>\n\t\t\t\t\t<\/div>\n\t\t<\/section>\n\t\t\t\t<section class=\"elementor-section elementor-top-section elementor-element elementor-element-b416e99 elementor-section-boxed elementor-section-height-default elementor-section-height-default\" data-id=\"b416e99\" data-element_type=\"section\" data-e-type=\"section\">\n\t\t\t\t\t\t<div class=\"elementor-container elementor-column-gap-default\">\n\t\t\t\t\t<div class=\"elementor-column elementor-col-100 elementor-top-column elementor-element elementor-element-c6a8af4\" data-id=\"c6a8af4\" data-element_type=\"column\" data-e-type=\"column\">\n\t\t\t<div class=\"elementor-widget-wrap elementor-element-populated\">\n\t\t\t\t\t\t<div class=\"elementor-element elementor-element-b6e0e16 elementor-widget elementor-widget-spacer\" data-id=\"b6e0e16\" data-element_type=\"widget\" data-e-type=\"widget\" data-widget_type=\"spacer.default\">\n\t\t\t\t<div class=\"elementor-widget-container\">\n\t\t\t\t\t\t\t<div class=\"elementor-spacer\">\n\t\t\t<div class=\"elementor-spacer-inner\"><\/div>\n\t\t<\/div>\n\t\t\t\t\t\t<\/div>\n\t\t\t\t<\/div>\n\t\t\t\t\t<\/div>\n\t\t<\/div>\n\t\t\t\t\t<\/div>\n\t\t<\/section>\n\t\t\t\t<section class=\"elementor-section elementor-top-section elementor-element elementor-element-5ea5b80 elementor-section-boxed elementor-section-height-default elementor-section-height-default\" data-id=\"5ea5b80\" data-element_type=\"section\" data-e-type=\"section\">\n\t\t\t\t\t\t<div class=\"elementor-container elementor-column-gap-default\">\n\t\t\t\t\t<div class=\"elementor-column elementor-col-100 elementor-top-column elementor-element elementor-element-6dbf9b1\" data-id=\"6dbf9b1\" data-element_type=\"column\" data-e-type=\"column\">\n\t\t\t<div class=\"elementor-widget-wrap elementor-element-populated\">\n\t\t\t\t\t\t<div class=\"elementor-element elementor-element-4c9c59a elementor-widget elementor-widget-toggle\" data-id=\"4c9c59a\" data-element_type=\"widget\" data-e-type=\"widget\" data-widget_type=\"toggle.default\">\n\t\t\t\t<div class=\"elementor-widget-container\">\n\t\t\t\t\t\t\t<div class=\"elementor-toggle\">\n\t\t\t\t\t\t\t<div class=\"elementor-toggle-item\">\n\t\t\t\t\t<div id=\"elementor-tab-title-8031\" class=\"elementor-tab-title\" data-tab=\"1\" role=\"button\" aria-controls=\"elementor-tab-content-8031\" aria-expanded=\"false\">\n\t\t\t\t\t\t\t\t\t\t\t\t<span class=\"elementor-toggle-icon elementor-toggle-icon-left\" aria-hidden=\"true\">\n\t\t\t\t\t\t\t\t\t\t\t\t\t\t\t<span class=\"elementor-toggle-icon-closed\"><i class=\"fas fa-caret-right\"><\/i><\/span>\n\t\t\t\t\t\t\t\t<span class=\"elementor-toggle-icon-opened\"><i class=\"elementor-toggle-icon-opened fas fa-caret-up\"><\/i><\/span>\n\t\t\t\t\t\t\t\t\t\t\t\t\t<\/span>\n\t\t\t\t\t\t\t\t\t\t\t\t<a class=\"elementor-toggle-title\" tabindex=\"0\">Foto AG<\/a>\n\t\t\t\t\t<\/div>\n\n\t\t\t\t\t<div id=\"elementor-tab-content-8031\" class=\"elementor-tab-content elementor-clearfix\" data-tab=\"1\" role=\"region\" aria-labelledby=\"elementor-tab-title-8031\"><p>Unser Ziel ist es die Welt durch die Linse zu entdecken, unsere Schule zu pr\u00e4sentieren und den Spa\u00df am Fotografieren zu teilen. Vom Fotografieren der Events bis hin zu lustigen Selfie-Challenges \u2013 hier ist alles erlaubt!<\/p><p>Wir experimentieren mit Kameraeinstellungen, probieren verr\u00fcckte Bildkompositionen aus und sind sogar offen f\u00fcr Fotos von rostigen Affenk\u00f6pfen<br \/>auf dem Schulhof. Wir gehen unsere Projekte, wie auch die j\u00e4hrlichen Klassenfotos, mit viel Motivation und Freude an und geben stets unser Bestes. Ebenso sind wir auch bei Fotowettbewerben in Ulm und Umgebung immer gern dabei.<\/p><p>Auch viele Bilder auf dieser Homepage wurden von der Foto-AG geschossen!<\/p><p><img fetchpriority=\"high\" decoding=\"async\" class=\"size-medium wp-image-4020\" src=\"https:\/\/nikolaus-kopernikus-gymnasium.de\/nkgweb\/wp-content\/uploads\/IMG_0423-300x298.jpg\" alt=\"\" width=\"300\" height=\"298\" srcset=\"https:\/\/nikolaus-kopernikus-gymnasium.de\/nkgweb\/wp-content\/uploads\/IMG_0423-300x298.jpg 300w, https:\/\/nikolaus-kopernikus-gymnasium.de\/nkgweb\/wp-content\/uploads\/IMG_0423-1024x1016.jpg 1024w, https:\/\/nikolaus-kopernikus-gymnasium.de\/nkgweb\/wp-content\/uploads\/IMG_0423-150x150.jpg 150w, https:\/\/nikolaus-kopernikus-gymnasium.de\/nkgweb\/wp-content\/uploads\/IMG_0423.jpg 1573w\" sizes=\"(max-width: 300px) 100vw, 300px\" \/>\u00a0<\/p><p><i>Michael Sch\u00e4ble<\/i><\/p><\/div>\n\t\t\t\t<\/div>\n\t\t\t\t\t\t\t<div class=\"elementor-toggle-item\">\n\t\t\t\t\t<div id=\"elementor-tab-title-8032\" class=\"elementor-tab-title\" data-tab=\"2\" role=\"button\" aria-controls=\"elementor-tab-content-8032\" aria-expanded=\"false\">\n\t\t\t\t\t\t\t\t\t\t\t\t<span class=\"elementor-toggle-icon elementor-toggle-icon-left\" aria-hidden=\"true\">\n\t\t\t\t\t\t\t\t\t\t\t\t\t\t\t<span class=\"elementor-toggle-icon-closed\"><i class=\"fas fa-caret-right\"><\/i><\/span>\n\t\t\t\t\t\t\t\t<span class=\"elementor-toggle-icon-opened\"><i class=\"elementor-toggle-icon-opened fas fa-caret-up\"><\/i><\/span>\n\t\t\t\t\t\t\t\t\t\t\t\t\t<\/span>\n\t\t\t\t\t\t\t\t\t\t\t\t<a class=\"elementor-toggle-title\" tabindex=\"0\">Biologisch und chemisch experimentieren <\/a>\n\t\t\t\t\t<\/div>\n\n\t\t\t\t\t<div id=\"elementor-tab-content-8032\" class=\"elementor-tab-content elementor-clearfix\" data-tab=\"2\" role=\"region\" aria-labelledby=\"elementor-tab-title-8032\"><ul><li>Wir besch\u00e4ftigen uns mit biologisch-chemischen Fragestellungen aus dem Alltag (z.B. Warum l\u00f6sen sich die Perlen des Bubble Tea in einer L\u00f6sung nicht auf? Wie kann man Riesenseifenblasen herstellen?).<\/li><li>Dabei experimentieren wir \u00fcber den Unterricht hinaus und untersuchen unter anderem auch Tiere (z.B. Stabheuschrecken, Regenw\u00fcrmer).<\/li><li>f\u00fcr interessierte Sch\u00fcler und Sch\u00fclerinnen der Mittelstufe (8.-10. Jgst.)<\/li><li>immer mittwochs (7.+ 8.Stunde) bis Ende M\u00e4rz<\/li><\/ul><p>\u00a0 \u00a0 \u00a0 \u00a0 \u00a0<img decoding=\"async\" class=\"alignnone size-medium wp-image-5193\" src=\"https:\/\/nikolaus-kopernikus-gymnasium.de\/nkgweb\/wp-content\/uploads\/Riesenseifenblasen-300x200.jpg\" alt=\"\" width=\"300\" height=\"200\" srcset=\"https:\/\/nikolaus-kopernikus-gymnasium.de\/nkgweb\/wp-content\/uploads\/Riesenseifenblasen-300x200.jpg 300w, https:\/\/nikolaus-kopernikus-gymnasium.de\/nkgweb\/wp-content\/uploads\/Riesenseifenblasen-1024x682.jpg 1024w, https:\/\/nikolaus-kopernikus-gymnasium.de\/nkgweb\/wp-content\/uploads\/Riesenseifenblasen.jpg 1280w\" sizes=\"(max-width: 300px) 100vw, 300px\" \/> <img decoding=\"async\" class=\"alignnone size-medium wp-image-5194\" src=\"https:\/\/nikolaus-kopernikus-gymnasium.de\/nkgweb\/wp-content\/uploads\/Stabheuschrecken-300x199.jpg\" alt=\"\" width=\"300\" height=\"199\" srcset=\"https:\/\/nikolaus-kopernikus-gymnasium.de\/nkgweb\/wp-content\/uploads\/Stabheuschrecken-300x199.jpg 300w, https:\/\/nikolaus-kopernikus-gymnasium.de\/nkgweb\/wp-content\/uploads\/Stabheuschrecken-1024x681.jpg 1024w, https:\/\/nikolaus-kopernikus-gymnasium.de\/nkgweb\/wp-content\/uploads\/Stabheuschrecken.jpg 1280w\" sizes=\"(max-width: 300px) 100vw, 300px\" \/><\/p><p><em>Larissa Arzt<\/em><\/p><\/div>\n\t\t\t\t<\/div>\n\t\t\t\t\t\t\t<div class=\"elementor-toggle-item\">\n\t\t\t\t\t<div id=\"elementor-tab-title-8033\" class=\"elementor-tab-title\" data-tab=\"3\" role=\"button\" aria-controls=\"elementor-tab-content-8033\" aria-expanded=\"false\">\n\t\t\t\t\t\t\t\t\t\t\t\t<span class=\"elementor-toggle-icon elementor-toggle-icon-left\" aria-hidden=\"true\">\n\t\t\t\t\t\t\t\t\t\t\t\t\t\t\t<span class=\"elementor-toggle-icon-closed\"><i class=\"fas fa-caret-right\"><\/i><\/span>\n\t\t\t\t\t\t\t\t<span class=\"elementor-toggle-icon-opened\"><i class=\"elementor-toggle-icon-opened fas fa-caret-up\"><\/i><\/span>\n\t\t\t\t\t\t\t\t\t\t\t\t\t<\/span>\n\t\t\t\t\t\t\t\t\t\t\t\t<a class=\"elementor-toggle-title\" tabindex=\"0\">Tanz AG<\/a>\n\t\t\t\t\t<\/div>\n\n\t\t\t\t\t<div id=\"elementor-tab-content-8033\" class=\"elementor-tab-content elementor-clearfix\" data-tab=\"3\" role=\"region\" aria-labelledby=\"elementor-tab-title-8033\"><ul><li>Tanzen f\u00fcr alle Sch\u00fclerinnen und Sch\u00fcler ab der 8. Klasse<\/li><li>w\u00f6chentliches Training f\u00fcr Anf\u00e4nger und Fortgeschrittene<\/li><li>verschieden Auftritte an und au\u00dferhalb der Schule<\/li><\/ul><p><img loading=\"lazy\" decoding=\"async\" class=\"alignnone wp-image-4384\" src=\"https:\/\/nikolaus-kopernikus-gymnasium.de\/nkgweb\/wp-content\/uploads\/Tanz-AG-Bild.png\" alt=\"\" width=\"161\" height=\"225\" \/><\/p><p><em>Kareen Pietschmann, Birgit Schuhmacher<\/em><\/p><\/div>\n\t\t\t\t<\/div>\n\t\t\t\t\t\t\t<div class=\"elementor-toggle-item\">\n\t\t\t\t\t<div id=\"elementor-tab-title-8034\" class=\"elementor-tab-title\" data-tab=\"4\" role=\"button\" aria-controls=\"elementor-tab-content-8034\" aria-expanded=\"false\">\n\t\t\t\t\t\t\t\t\t\t\t\t<span class=\"elementor-toggle-icon elementor-toggle-icon-left\" aria-hidden=\"true\">\n\t\t\t\t\t\t\t\t\t\t\t\t\t\t\t<span class=\"elementor-toggle-icon-closed\"><i class=\"fas fa-caret-right\"><\/i><\/span>\n\t\t\t\t\t\t\t\t<span class=\"elementor-toggle-icon-opened\"><i class=\"elementor-toggle-icon-opened fas fa-caret-up\"><\/i><\/span>\n\t\t\t\t\t\t\t\t\t\t\t\t\t<\/span>\n\t\t\t\t\t\t\t\t\t\t\t\t<a class=\"elementor-toggle-title\" tabindex=\"0\">Garten und Umwelt<\/a>\n\t\t\t\t\t<\/div>\n\n\t\t\t\t\t<div id=\"elementor-tab-content-8034\" class=\"elementor-tab-content elementor-clearfix\" data-tab=\"4\" role=\"region\" aria-labelledby=\"elementor-tab-title-8034\"><ul><li>Gartenarbeit und Umweltprojekte f\u00fcr alle Jahrgangsstufen.<\/li><li>Im Winter z.B. upcycling (Kerzengie\u00dfen).<\/li><li>Im Fr\u00fchjahr und Herbst Neupflanzungen auf dem Schulgel\u00e4nde und Pflege der Beete.<\/li><li>Wir freuen uns \u00fcber Jeden der Lust hat mitzumachen!<\/li><\/ul><div><img loading=\"lazy\" decoding=\"async\" class=\"alignnone size-medium wp-image-4254\" src=\"https:\/\/nikolaus-kopernikus-gymnasium.de\/nkgweb\/wp-content\/uploads\/Bild-Hochbeet-300x225.jpg\" alt=\"\" width=\"300\" height=\"225\" \/><\/div><p><em>Heidi G\u00f6rgen<\/em><\/p><\/div>\n\t\t\t\t<\/div>\n\t\t\t\t\t\t\t<div class=\"elementor-toggle-item\">\n\t\t\t\t\t<div id=\"elementor-tab-title-8035\" class=\"elementor-tab-title\" data-tab=\"5\" role=\"button\" aria-controls=\"elementor-tab-content-8035\" aria-expanded=\"false\">\n\t\t\t\t\t\t\t\t\t\t\t\t<span class=\"elementor-toggle-icon elementor-toggle-icon-left\" aria-hidden=\"true\">\n\t\t\t\t\t\t\t\t\t\t\t\t\t\t\t<span class=\"elementor-toggle-icon-closed\"><i class=\"fas fa-caret-right\"><\/i><\/span>\n\t\t\t\t\t\t\t\t<span class=\"elementor-toggle-icon-opened\"><i class=\"elementor-toggle-icon-opened fas fa-caret-up\"><\/i><\/span>\n\t\t\t\t\t\t\t\t\t\t\t\t\t<\/span>\n\t\t\t\t\t\t\t\t\t\t\t\t<a class=\"elementor-toggle-title\" tabindex=\"0\">Chor<\/a>\n\t\t\t\t\t<\/div>\n\n\t\t\t\t\t<div id=\"elementor-tab-content-8035\" class=\"elementor-tab-content elementor-clearfix\" data-tab=\"5\" role=\"region\" aria-labelledby=\"elementor-tab-title-8035\"><p><b>Chor \u201eYoung Voices\u201c (5.-7. Klasse):<\/b> Eine harmonische Gemeinschaft, die junge Stimmen vereint und durch Auftritte das musikalische Repertoire erweitert. In regelm\u00e4\u00dfigen Abst\u00e4nden wirken die Jungen S\u00e4gerinnen und S\u00e4nger auch als Darsteller von Musicals an der Schule mit.<br \/>Probenzeit: donnerstags von 13:30-15:00 Uhr in Musiksaal 2 mit Frau Baur<\/p><p><b>Gro\u00dfer Chor (8.-13. Klasse): <\/b>Gemeinsam mit erfahrenen Chors\u00e4ngerinnen und -S\u00e4ngern erleben die Sch\u00fclerinnen und Sch\u00fcler die Faszination gro\u00dfer Chorwerke.<br \/>Probenzeit: dienstags von 13:30-15:00 Uhr in Musiksaal 3 mit Herrn Keck<\/p><\/div>\n\t\t\t\t<\/div>\n\t\t\t\t\t\t\t<div class=\"elementor-toggle-item\">\n\t\t\t\t\t<div id=\"elementor-tab-title-8036\" class=\"elementor-tab-title\" data-tab=\"6\" role=\"button\" aria-controls=\"elementor-tab-content-8036\" aria-expanded=\"false\">\n\t\t\t\t\t\t\t\t\t\t\t\t<span class=\"elementor-toggle-icon elementor-toggle-icon-left\" aria-hidden=\"true\">\n\t\t\t\t\t\t\t\t\t\t\t\t\t\t\t<span class=\"elementor-toggle-icon-closed\"><i class=\"fas fa-caret-right\"><\/i><\/span>\n\t\t\t\t\t\t\t\t<span class=\"elementor-toggle-icon-opened\"><i class=\"elementor-toggle-icon-opened fas fa-caret-up\"><\/i><\/span>\n\t\t\t\t\t\t\t\t\t\t\t\t\t<\/span>\n\t\t\t\t\t\t\t\t\t\t\t\t<a class=\"elementor-toggle-title\" tabindex=\"0\">Orchester<\/a>\n\t\t\t\t\t<\/div>\n\n\t\t\t\t\t<div id=\"elementor-tab-content-8036\" class=\"elementor-tab-content elementor-clearfix\" data-tab=\"6\" role=\"region\" aria-labelledby=\"elementor-tab-title-8036\"><p><strong>Jugendorchester \u201eton.ika\u201c (5.-7. Klasse):<\/strong> Ein Orchester, in dem junge Musikerinnen und Musiker gemeinsam klassische St\u00fccke zum Leben erwecken.<br \/>Probenzeit: donnerstags von 13:30-15:00 Uhr in Musiksaal 3 mit Frau Jacobs-Brannath<\/p><p><b>Sinfonieorchester (8.-13. Klasse):<\/b>\u00a0Gemeinsam interpretieren die Sch\u00fclerinnen und Sch\u00fcler anspruchsvolle sinfonische Werke und entwickeln ihr musikalisches K\u00f6nnen weiter. Dabei werden Sie von Profimuskern unseres Patenorchesters, dem Philharmonischen Orchester der Stadt Ulm, unterst\u00fctzt.<br \/>Probenzeit: freitags von 13:30-15:00 Uhr in Musiksaal 1 mit Herrn Keck<\/p><\/div>\n\t\t\t\t<\/div>\n\t\t\t\t\t\t\t<div class=\"elementor-toggle-item\">\n\t\t\t\t\t<div id=\"elementor-tab-title-8037\" class=\"elementor-tab-title\" data-tab=\"7\" role=\"button\" aria-controls=\"elementor-tab-content-8037\" aria-expanded=\"false\">\n\t\t\t\t\t\t\t\t\t\t\t\t<span class=\"elementor-toggle-icon elementor-toggle-icon-left\" aria-hidden=\"true\">\n\t\t\t\t\t\t\t\t\t\t\t\t\t\t\t<span class=\"elementor-toggle-icon-closed\"><i class=\"fas fa-caret-right\"><\/i><\/span>\n\t\t\t\t\t\t\t\t<span class=\"elementor-toggle-icon-opened\"><i class=\"elementor-toggle-icon-opened fas fa-caret-up\"><\/i><\/span>\n\t\t\t\t\t\t\t\t\t\t\t\t\t<\/span>\n\t\t\t\t\t\t\t\t\t\t\t\t<a class=\"elementor-toggle-title\" tabindex=\"0\">Big Band<\/a>\n\t\t\t\t\t<\/div>\n\n\t\t\t\t\t<div id=\"elementor-tab-content-8037\" class=\"elementor-tab-content elementor-clearfix\" data-tab=\"7\" role=\"region\" aria-labelledby=\"elementor-tab-title-8037\"><p><strong>Junior Big Band (5.-7. Klasse):<\/strong> Hier k\u00f6nnen unsere Nachwuchstalente ihre Begeisterung f\u00fcr Jazz, Rock und moderne Musik entfalten.<br \/>Probenzeit: donnerstags von 13:30-15:00 Uhr in Musiksaal 1 mit Herrn Klein<\/p><p><strong>NKG Big Band (8.-13. Klasse):<\/strong> Die Big Band bietet Raum f\u00fcr Jazzliebhaber und Rockmusiker. In Zusammenarbeit mit Professionellen Musikern wird die kreative Auseinandersetzung mit diesen Musikstilen gef\u00f6rdert.<br \/>Probenzeit: dienstags von 13:30-15:00 Uhr in Musiksaal 1 mit Herrn Klein<\/p><\/div>\n\t\t\t\t<\/div>\n\t\t\t\t\t\t\t<div class=\"elementor-toggle-item\">\n\t\t\t\t\t<div id=\"elementor-tab-title-8038\" class=\"elementor-tab-title\" data-tab=\"8\" role=\"button\" aria-controls=\"elementor-tab-content-8038\" aria-expanded=\"false\">\n\t\t\t\t\t\t\t\t\t\t\t\t<span class=\"elementor-toggle-icon elementor-toggle-icon-left\" aria-hidden=\"true\">\n\t\t\t\t\t\t\t\t\t\t\t\t\t\t\t<span class=\"elementor-toggle-icon-closed\"><i class=\"fas fa-caret-right\"><\/i><\/span>\n\t\t\t\t\t\t\t\t<span class=\"elementor-toggle-icon-opened\"><i class=\"elementor-toggle-icon-opened fas fa-caret-up\"><\/i><\/span>\n\t\t\t\t\t\t\t\t\t\t\t\t\t<\/span>\n\t\t\t\t\t\t\t\t\t\t\t\t<a class=\"elementor-toggle-title\" tabindex=\"0\">Sportklettern<\/a>\n\t\t\t\t\t<\/div>\n\n\t\t\t\t\t<div id=\"elementor-tab-content-8038\" class=\"elementor-tab-content elementor-clearfix\" data-tab=\"8\" role=\"region\" aria-labelledby=\"elementor-tab-title-8038\"><ul><li><span style=\"text-indent: -18pt;\">Klettern f\u00fcr Jungen und M\u00e4dchen der Jahrgangsstufen 6-11.\u00a0<\/span><\/li><li><span style=\"text-indent: -18pt;\">Anf\u00e4nger- und Fortgeschrittene jederzeit willkommen.\u00a0<\/span><\/li><li><span style=\"text-indent: -18pt;\">Training an der Kletterwand in der Sporthalle und an der Boulderwand im Hauptgeb\u00e4ude.\u00a0<\/span><\/li><li><span style=\"text-indent: -18pt;\">Zus\u00e4tzliches Angebot f\u00fcr Leistungsgruppe mit Training im Sparkassendome in Neu-Ulm<\/span><\/li><\/ul><p>\u00a0 <img loading=\"lazy\" decoding=\"async\" src=\"https:\/\/nikolaus-kopernikus-gymnasium.de\/nkgweb\/wp-content\/uploads\/Bild-Klettern-1-225x300.jpeg\" alt=\"\" width=\"225\" height=\"300\" \/>\u00a0 \u00a0 \u00a0 \u00a0 \u00a0 \u00a0<img loading=\"lazy\" decoding=\"async\" src=\"https:\/\/nikolaus-kopernikus-gymnasium.de\/nkgweb\/wp-content\/uploads\/Bild-Klettern-2-225x300.jpeg\" alt=\"\" width=\"225\" height=\"300\" \/><\/p><p><em>\u00a0 J\u00f6rn Eysell<\/em><\/p><\/div>\n\t\t\t\t<\/div>\n\t\t\t\t\t\t\t<div class=\"elementor-toggle-item\">\n\t\t\t\t\t<div id=\"elementor-tab-title-8039\" class=\"elementor-tab-title\" data-tab=\"9\" role=\"button\" aria-controls=\"elementor-tab-content-8039\" aria-expanded=\"false\">\n\t\t\t\t\t\t\t\t\t\t\t\t<span class=\"elementor-toggle-icon elementor-toggle-icon-left\" aria-hidden=\"true\">\n\t\t\t\t\t\t\t\t\t\t\t\t\t\t\t<span class=\"elementor-toggle-icon-closed\"><i class=\"fas fa-caret-right\"><\/i><\/span>\n\t\t\t\t\t\t\t\t<span class=\"elementor-toggle-icon-opened\"><i class=\"elementor-toggle-icon-opened fas fa-caret-up\"><\/i><\/span>\n\t\t\t\t\t\t\t\t\t\t\t\t\t<\/span>\n\t\t\t\t\t\t\t\t\t\t\t\t<a class=\"elementor-toggle-title\" tabindex=\"0\">Volleyball<\/a>\n\t\t\t\t\t<\/div>\n\n\t\t\t\t\t<div id=\"elementor-tab-content-8039\" class=\"elementor-tab-content elementor-clearfix\" data-tab=\"9\" role=\"region\" aria-labelledby=\"elementor-tab-title-8039\"><ul><li><span style=\"text-indent: -18pt;\">Hier kann jedes M\u00e4dchen und jeder Junge ab der 8. Jahrgangsstufe Volleyball lernen und \u00fcben.<\/span><\/li><li><span style=\"text-indent: -18pt;\">W<\/span><span style=\"text-indent: -18pt;\">\u00f6chentliches Training in der Sporthalle, nach Ostern auch auf dem Beachplatz am NKG.<\/span><\/li><li>Teilnahme an den Wettk\u00e4mpfen \u201eJugend traininert f\u00fcr Olympia\u201c im Hallenvolleyball und Beachvolleyball.<\/li><li>Enger Kontakt zum TSV Wei\u00dfenhorn mit seiner r\u00fchrigen Volleyballabteilung.\u00a0<\/li><\/ul><div><img loading=\"lazy\" decoding=\"async\" class=\"alignnone size-medium wp-image-4136\" src=\"https:\/\/nikolaus-kopernikus-gymnasium.de\/nkgweb\/wp-content\/uploads\/Bild-Volleyball-300x200.jpg\" alt=\"\" width=\"300\" height=\"200\" srcset=\"https:\/\/nikolaus-kopernikus-gymnasium.de\/nkgweb\/wp-content\/uploads\/Bild-Volleyball-300x200.jpg 300w, https:\/\/nikolaus-kopernikus-gymnasium.de\/nkgweb\/wp-content\/uploads\/Bild-Volleyball-1024x683.jpg 1024w, https:\/\/nikolaus-kopernikus-gymnasium.de\/nkgweb\/wp-content\/uploads\/Bild-Volleyball-2000x1333.jpg 2000w\" sizes=\"(max-width: 300px) 100vw, 300px\" \/><\/div><p><em>Hubert K\u00f6hler<\/em><\/p><\/div>\n\t\t\t\t<\/div>\n\t\t\t\t\t\t\t<div class=\"elementor-toggle-item\">\n\t\t\t\t\t<div id=\"elementor-tab-title-80310\" class=\"elementor-tab-title\" data-tab=\"10\" role=\"button\" aria-controls=\"elementor-tab-content-80310\" aria-expanded=\"false\">\n\t\t\t\t\t\t\t\t\t\t\t\t<span class=\"elementor-toggle-icon elementor-toggle-icon-left\" aria-hidden=\"true\">\n\t\t\t\t\t\t\t\t\t\t\t\t\t\t\t<span class=\"elementor-toggle-icon-closed\"><i class=\"fas fa-caret-right\"><\/i><\/span>\n\t\t\t\t\t\t\t\t<span class=\"elementor-toggle-icon-opened\"><i class=\"elementor-toggle-icon-opened fas fa-caret-up\"><\/i><\/span>\n\t\t\t\t\t\t\t\t\t\t\t\t\t<\/span>\n\t\t\t\t\t\t\t\t\t\t\t\t<a class=\"elementor-toggle-title\" tabindex=\"0\">Theater<\/a>\n\t\t\t\t\t<\/div>\n\n\t\t\t\t\t<div id=\"elementor-tab-content-80310\" class=\"elementor-tab-content elementor-clearfix\" data-tab=\"10\" role=\"region\" aria-labelledby=\"elementor-tab-title-80310\"><p>Vorhang auf f\u00fcr unsere Theater-AG! Sie richtet sich an alle Sch\u00fclerinnen und Sch\u00fcler der Klassen 5 bis 11 und bietet Raum f\u00fcr Kreativit\u00e4t, Ausdruck und gemeinsames Spiel. Von kleinen Bewegungsspielen, die die K\u00f6rpersprache schulen, \u00fcber Improvisationstheater bis hin zum gezielten Ein\u00fcben von Mimik und Gestik entwickeln unsere Schauspielerinnen und Schauspieler ein Gesp\u00fcr f\u00fcr Raum und Bewegung. H\u00f6hepunkt ist am Ende des Schuljahres eine gro\u00dfe Auff\u00fchrung vor der gesamten Schulfamilie \u2013 mit Begeisterung, Lampenfieber und Applaus!<\/p><p><img loading=\"lazy\" decoding=\"async\" class=\"alignnone wp-image-6779\" src=\"https:\/\/nikolaus-kopernikus-gymnasium.de\/nkgweb\/wp-content\/uploads\/movie-theater-4609877_1280-300x196.jpg\" alt=\"\" width=\"233\" height=\"152\" srcset=\"https:\/\/nikolaus-kopernikus-gymnasium.de\/nkgweb\/wp-content\/uploads\/movie-theater-4609877_1280-300x196.jpg 300w, https:\/\/nikolaus-kopernikus-gymnasium.de\/nkgweb\/wp-content\/uploads\/movie-theater-4609877_1280-1024x670.jpg 1024w, https:\/\/nikolaus-kopernikus-gymnasium.de\/nkgweb\/wp-content\/uploads\/movie-theater-4609877_1280.jpg 1280w\" sizes=\"(max-width: 233px) 100vw, 233px\" \/><\/p><p><em>Verena Kast<\/em><\/p><\/div>\n\t\t\t\t<\/div>\n\t\t\t\t\t\t\t<div class=\"elementor-toggle-item\">\n\t\t\t\t\t<div id=\"elementor-tab-title-80311\" class=\"elementor-tab-title\" data-tab=\"11\" role=\"button\" aria-controls=\"elementor-tab-content-80311\" aria-expanded=\"false\">\n\t\t\t\t\t\t\t\t\t\t\t\t<span class=\"elementor-toggle-icon elementor-toggle-icon-left\" aria-hidden=\"true\">\n\t\t\t\t\t\t\t\t\t\t\t\t\t\t\t<span class=\"elementor-toggle-icon-closed\"><i class=\"fas fa-caret-right\"><\/i><\/span>\n\t\t\t\t\t\t\t\t<span class=\"elementor-toggle-icon-opened\"><i class=\"elementor-toggle-icon-opened fas fa-caret-up\"><\/i><\/span>\n\t\t\t\t\t\t\t\t\t\t\t\t\t<\/span>\n\t\t\t\t\t\t\t\t\t\t\t\t<a class=\"elementor-toggle-title\" tabindex=\"0\">Basketball<\/a>\n\t\t\t\t\t<\/div>\n\n\t\t\t\t\t<div id=\"elementor-tab-content-80311\" class=\"elementor-tab-content elementor-clearfix\" data-tab=\"11\" role=\"region\" aria-labelledby=\"elementor-tab-title-80311\"><ul><li>Basketball f\u00fcr alle Sch\u00fclerinnen und Sch\u00fcler der 7. und 8. Klassen<\/li><li>w\u00f6chentliches Training f\u00fcr Anf\u00e4nger und Fortgeschrittene mit dem Ziel Technik, Spielverst\u00e4ndnis und Spa\u00df an der Sportart zu vermitteln<\/li><li>Teilnahme am Wettkampf &#8222;Jugend trainiert f\u00fcr Olympia&#8220;<\/li><\/ul><p><img loading=\"lazy\" decoding=\"async\" class=\"alignnone size-medium wp-image-4269\" src=\"https:\/\/nikolaus-kopernikus-gymnasium.de\/nkgweb\/wp-content\/uploads\/Bild-Basketball-300x200.jpg\" alt=\"\" width=\"300\" height=\"200\" srcset=\"https:\/\/nikolaus-kopernikus-gymnasium.de\/nkgweb\/wp-content\/uploads\/Bild-Basketball-300x200.jpg 300w, https:\/\/nikolaus-kopernikus-gymnasium.de\/nkgweb\/wp-content\/uploads\/Bild-Basketball-1024x682.jpg 1024w, https:\/\/nikolaus-kopernikus-gymnasium.de\/nkgweb\/wp-content\/uploads\/Bild-Basketball.jpg 1280w\" sizes=\"(max-width: 300px) 100vw, 300px\" \/><\/p><p><em>S\u00f6ren Schmelz<\/em><\/p><\/div>\n\t\t\t\t<\/div>\n\t\t\t\t\t\t\t<div class=\"elementor-toggle-item\">\n\t\t\t\t\t<div id=\"elementor-tab-title-80312\" class=\"elementor-tab-title\" data-tab=\"12\" role=\"button\" aria-controls=\"elementor-tab-content-80312\" aria-expanded=\"false\">\n\t\t\t\t\t\t\t\t\t\t\t\t<span class=\"elementor-toggle-icon elementor-toggle-icon-left\" aria-hidden=\"true\">\n\t\t\t\t\t\t\t\t\t\t\t\t\t\t\t<span class=\"elementor-toggle-icon-closed\"><i class=\"fas fa-caret-right\"><\/i><\/span>\n\t\t\t\t\t\t\t\t<span class=\"elementor-toggle-icon-opened\"><i class=\"elementor-toggle-icon-opened fas fa-caret-up\"><\/i><\/span>\n\t\t\t\t\t\t\t\t\t\t\t\t\t<\/span>\n\t\t\t\t\t\t\t\t\t\t\t\t<a class=\"elementor-toggle-title\" tabindex=\"0\">Sch\u00fclerzeitung<\/a>\n\t\t\t\t\t<\/div>\n\n\t\t\t\t\t<div id=\"elementor-tab-content-80312\" class=\"elementor-tab-content elementor-clearfix\" data-tab=\"12\" role=\"region\" aria-labelledby=\"elementor-tab-title-80312\"><p>Die digitale Sch\u00fclerzeitung unseres Gymnasiums &#8222;KoperNews&#8220; stellt sich vor:<br \/>Seit letztem Schuljahr gibt es wieder eine Sch\u00fclerzeitung, die digital zu lesen ist. Unsere Artikel sind zu finden unter <a href=\"https:\/\/nikolaus-kopernikus-gymnasium.de\/nkgweb\/index.php\/schuelerzeitung\/\">https:\/\/nikolaus-kopernikus-gymnasium.de\/nkgweb\/index-php\/schuelerzeitung\/<\/a><br \/>Wir schreiben informative und unterhaltsame Artikel zu unterschiedlichen Themen f\u00fcr unsere Mitsch\u00fclerinnen und Mitsch\u00fcler.<\/p><p>Wir sind auf der Suche nach Redakteurinnen und Redakteuren. <br \/>Wer Lust hat zu recherchieren, Artikel zu schreiben, Interviews zu f\u00fchren, zu fotografieren oder das Layout zu gestalten, kommt bitte immer mittwochs in der Mittagspause in den Raum B03. Sch\u00fclerinnen und Sch\u00fcler aller Jahrgangsstufen sind herzlich willkommen.<\/p><\/div>\n\t\t\t\t<\/div>\n\t\t\t\t\t\t\t<div class=\"elementor-toggle-item\">\n\t\t\t\t\t<div id=\"elementor-tab-title-80313\" class=\"elementor-tab-title\" data-tab=\"13\" role=\"button\" aria-controls=\"elementor-tab-content-80313\" aria-expanded=\"false\">\n\t\t\t\t\t\t\t\t\t\t\t\t<span class=\"elementor-toggle-icon elementor-toggle-icon-left\" aria-hidden=\"true\">\n\t\t\t\t\t\t\t\t\t\t\t\t\t\t\t<span class=\"elementor-toggle-icon-closed\"><i class=\"fas fa-caret-right\"><\/i><\/span>\n\t\t\t\t\t\t\t\t<span class=\"elementor-toggle-icon-opened\"><i class=\"elementor-toggle-icon-opened fas fa-caret-up\"><\/i><\/span>\n\t\t\t\t\t\t\t\t\t\t\t\t\t<\/span>\n\t\t\t\t\t\t\t\t\t\t\t\t<a class=\"elementor-toggle-title\" tabindex=\"0\">SMV<\/a>\n\t\t\t\t\t<\/div>\n\n\t\t\t\t\t<div id=\"elementor-tab-content-80313\" class=\"elementor-tab-content elementor-clearfix\" data-tab=\"13\" role=\"region\" aria-labelledby=\"elementor-tab-title-80313\"><p><strong>SMV: Sch\u00fclerMitVerantwortung<\/strong><\/p><p>Willkommen auf der offiziellen Seite der SMV! Hier erf\u00e4hrst du alles \u00fcber unser Team, das sich mit Leidenschaft daf\u00fcr einsetzt, Veranstaltungen zu organisieren und spannende Projekte zu planen. Die SMV besteht aus vielen engagierten Sch\u00fclerinnen und Sch\u00fclern, unseren drei Sch\u00fclersprechern Lukas Schildenberger, Leon K\u00fchnel und Medea Buchm\u00fcller sowie den zwei Verbindungslehrern Lea Ruhland und Thomas Geber.<\/p><p>Mitmachen kann jeder ab der 8. Klasse, der Lust hat&#8230;<\/p><ul><li>&#8230; auf das Organisieren von schulischen Veranstaltungen wie der Halloweenfeier, dem Weihnachtsmarkt oder dem Unterstufenfasching,<\/li><li>&#8230; auf eine spannende Klassenfahrt, bei der geplant, organisiert und ein Planspiel durchgef\u00fchrt wird,<\/li><li>&#8230; die Schule im Interesse der Sch\u00fcler nach au\u00dfen zu vertreten.\u00a0<\/li><\/ul><p>Wer sich nun angesprochen f\u00fchlt, kann gerne am Anfang jedes Schuljahres beim Schnuppertreffen der SMV vorbeischauen und Teil von uns werden.<\/p><\/div>\n\t\t\t\t<\/div>\n\t\t\t\t\t\t\t\t<\/div>\n\t\t\t\t\t\t<\/div>\n\t\t\t\t<\/div>\n\t\t\t\t\t<\/div>\n\t\t<\/div>\n\t\t\t\t\t<\/div>\n\t\t<\/section>\n\t\t\t\t<section class=\"elementor-section elementor-top-section elementor-element elementor-element-53c8c90 elementor-section-boxed elementor-section-height-default elementor-section-height-default\" data-id=\"53c8c90\" data-element_type=\"section\" data-e-type=\"section\">\n\t\t\t\t\t\t<div class=\"elementor-container elementor-column-gap-default\">\n\t\t\t\t\t<div class=\"elementor-column elementor-col-100 elementor-top-column elementor-element elementor-element-2bc573f\" data-id=\"2bc573f\" data-element_type=\"column\" data-e-type=\"column\">\n\t\t\t<div class=\"elementor-widget-wrap elementor-element-populated\">\n\t\t\t\t\t\t<div class=\"elementor-element elementor-element-43e4f87 elementor-widget elementor-widget-spacer\" data-id=\"43e4f87\" data-element_type=\"widget\" data-e-type=\"widget\" data-widget_type=\"spacer.default\">\n\t\t\t\t<div class=\"elementor-widget-container\">\n\t\t\t\t\t\t\t<div class=\"elementor-spacer\">\n\t\t\t<div class=\"elementor-spacer-inner\"><\/div>\n\t\t<\/div>\n\t\t\t\t\t\t<\/div>\n\t\t\t\t<\/div>\n\t\t\t\t\t<\/div>\n\t\t<\/div>\n\t\t\t\t\t<\/div>\n\t\t<\/section>\n\t\t\t\t<section class=\"elementor-section elementor-top-section elementor-element elementor-element-44d34ea elementor-section-boxed elementor-section-height-default elementor-section-height-default\" data-id=\"44d34ea\" data-element_type=\"section\" data-e-type=\"section\" data-settings=\"{&quot;background_background&quot;:&quot;gradient&quot;}\">\n\t\t\t\t\t\t<div class=\"elementor-container elementor-column-gap-default\">\n\t\t\t\t\t<div class=\"elementor-column elementor-col-100 elementor-top-column elementor-element elementor-element-4fddb8a\" data-id=\"4fddb8a\" data-element_type=\"column\" data-e-type=\"column\">\n\t\t\t<div class=\"elementor-widget-wrap elementor-element-populated\">\n\t\t\t\t\t\t<div class=\"elementor-element elementor-element-53062d5 elementor-widget elementor-widget-text-editor\" data-id=\"53062d5\" data-element_type=\"widget\" data-e-type=\"widget\" data-widget_type=\"text-editor.default\">\n\t\t\t\t<div class=\"elementor-widget-container\">\n\t\t\t\t\t\t\t\t\t<p>Ausgew\u00e4hlte Bilder der <strong>Foto-AG:<\/strong><\/p>\t\t\t\t\t\t\t\t<\/div>\n\t\t\t\t<\/div>\n\t\t\t\t<div class=\"elementor-element elementor-element-5b9fadc elementor-widget elementor-widget-wpzoom-elementor-addons-carousel\" data-id=\"5b9fadc\" data-element_type=\"widget\" data-e-type=\"widget\" data-settings=\"{&quot;slides_to_show&quot;:&quot;3&quot;,&quot;animation_speed&quot;:300,&quot;autoplay&quot;:&quot;yes&quot;,&quot;autoplay_speed&quot;:3000,&quot;loop&quot;:&quot;yes&quot;,&quot;navigation&quot;:&quot;arrow&quot;,&quot;slides_to_show_tablet&quot;:3,&quot;slides_to_show_mobile&quot;:2}\" data-widget_type=\"wpzoom-elementor-addons-carousel.default\">\n\t\t\t\t<div class=\"elementor-widget-container\">\n\t\t\t\t\t<div class=\"wpzjs-slick wpz-slick wpz-slick--carousel\">\n\n\t\t\t\n\t\t\t\t<div class=\"wpz-slick-slide\">\n\t\t\t\t\t<div class=\"wpz-slick-item\">\n\t\t\t\t\t\t\t\t\t\t\t\t\t<img decoding=\"async\" class=\"wpz-slick-img\" src=\"https:\/\/nikolaus-kopernikus-gymnasium.de\/nkgweb\/wp-content\/uploads\/IMG_7780-1-scaled.jpg\" alt=\"\">\n\t\t\t\t\t\t\n\t\t\t\t\t\t\t\t\t\t\t<\/div>\n\t\t\t\t<\/div>\n\n\t\t\t\n\t\t\t\t<div class=\"wpz-slick-slide\">\n\t\t\t\t\t<div class=\"wpz-slick-item\">\n\t\t\t\t\t\t\t\t\t\t\t\t\t<img decoding=\"async\" class=\"wpz-slick-img\" src=\"https:\/\/nikolaus-kopernikus-gymnasium.de\/nkgweb\/wp-content\/uploads\/IMG_4067-scaled.jpg\" alt=\"\">\n\t\t\t\t\t\t\n\t\t\t\t\t\t\t\t\t\t\t<\/div>\n\t\t\t\t<\/div>\n\n\t\t\t\n\t\t\t\t<div class=\"wpz-slick-slide\">\n\t\t\t\t\t<div class=\"wpz-slick-item\">\n\t\t\t\t\t\t\t\t\t\t\t\t\t<img decoding=\"async\" class=\"wpz-slick-img\" src=\"https:\/\/nikolaus-kopernikus-gymnasium.de\/nkgweb\/wp-content\/uploads\/IMG_1964klein-1-scaled-e1734252089291-768x472.jpg\" alt=\"\">\n\t\t\t\t\t\t\n\t\t\t\t\t\t\t\t\t\t\t<\/div>\n\t\t\t\t<\/div>\n\n\t\t\t\n\t\t\t\t<div class=\"wpz-slick-slide\">\n\t\t\t\t\t<div class=\"wpz-slick-item\">\n\t\t\t\t\t\t\t\t\t\t\t\t\t<img decoding=\"async\" class=\"wpz-slick-img\" src=\"https:\/\/nikolaus-kopernikus-gymnasium.de\/nkgweb\/wp-content\/uploads\/IMG_3517-1-scaled.jpg\" alt=\"\">\n\t\t\t\t\t\t\n\t\t\t\t\t\t\t\t\t\t\t<\/div>\n\t\t\t\t<\/div>\n\n\t\t\t\n\t\t\t\t<div class=\"wpz-slick-slide\">\n\t\t\t\t\t<div class=\"wpz-slick-item\">\n\t\t\t\t\t\t\t\t\t\t\t\t\t<img decoding=\"async\" class=\"wpz-slick-img\" src=\"https:\/\/nikolaus-kopernikus-gymnasium.de\/nkgweb\/wp-content\/uploads\/DSC_1555-scaled.jpg\" alt=\"\">\n\t\t\t\t\t\t\n\t\t\t\t\t\t\t\t\t\t\t<\/div>\n\t\t\t\t<\/div>\n\n\t\t\t\n\t\t\t\t<div class=\"wpz-slick-slide\">\n\t\t\t\t\t<div class=\"wpz-slick-item\">\n\t\t\t\t\t\t\t\t\t\t\t\t\t<img decoding=\"async\" class=\"wpz-slick-img\" src=\"https:\/\/nikolaus-kopernikus-gymnasium.de\/nkgweb\/wp-content\/uploads\/Bild-Schueler-Schatten-1.jpg\" alt=\"\">\n\t\t\t\t\t\t\n\t\t\t\t\t\t\t\t\t\t\t<\/div>\n\t\t\t\t<\/div>\n\n\t\t\t\n\t\t\t\t<div class=\"wpz-slick-slide\">\n\t\t\t\t\t<div class=\"wpz-slick-item\">\n\t\t\t\t\t\t\t\t\t\t\t\t\t<img decoding=\"async\" class=\"wpz-slick-img\" src=\"https:\/\/nikolaus-kopernikus-gymnasium.de\/nkgweb\/wp-content\/uploads\/DSC_0504-1-scaled.jpg\" alt=\"\">\n\t\t\t\t\t\t\n\t\t\t\t\t\t\t\t\t\t\t<\/div>\n\t\t\t\t<\/div>\n\n\t\t\t\n\t\t\t\t<div class=\"wpz-slick-slide\">\n\t\t\t\t\t<div class=\"wpz-slick-item\">\n\t\t\t\t\t\t\t\t\t\t\t\t\t<img decoding=\"async\" class=\"wpz-slick-img\" src=\"https:\/\/nikolaus-kopernikus-gymnasium.de\/nkgweb\/wp-content\/uploads\/Foto-ag-2-scaled.jpg\" alt=\"\">\n\t\t\t\t\t\t\n\t\t\t\t\t\t\t\t\t\t\t<\/div>\n\t\t\t\t<\/div>\n\n\t\t\t\n\t\t<\/div>\n\n\t\t\t\t\t<button type=\"button\" class=\"slick-prev\"><i aria-hidden=\"true\" class=\"fas fa-chevron-left\"><\/i><\/button>\n\t\t\n\t\t\t\t\t<button type=\"button\" class=\"slick-next\"><i aria-hidden=\"true\" class=\"fas fa-chevron-right\"><\/i><\/button>\n\t\t\n\t\t\t\t\t\t<\/div>\n\t\t\t\t<\/div>\n\t\t\t\t\t<\/div>\n\t\t<\/div>\n\t\t\t\t\t<\/div>\n\t\t<\/section>\n\t\t\t\t<section class=\"elementor-section elementor-top-section elementor-element elementor-element-6a4cd47 elementor-section-boxed elementor-section-height-default elementor-section-height-default\" data-id=\"6a4cd47\" data-element_type=\"section\" data-e-type=\"section\">\n\t\t\t\t\t\t<div class=\"elementor-container elementor-column-gap-default\">\n\t\t\t\t\t<div class=\"elementor-column elementor-col-100 elementor-top-column elementor-element elementor-element-7e05ced\" data-id=\"7e05ced\" data-element_type=\"column\" data-e-type=\"column\">\n\t\t\t<div class=\"elementor-widget-wrap elementor-element-populated\">\n\t\t\t\t\t\t<div class=\"elementor-element elementor-element-e996dbf elementor-widget elementor-widget-spacer\" data-id=\"e996dbf\" data-element_type=\"widget\" data-e-type=\"widget\" data-widget_type=\"spacer.default\">\n\t\t\t\t<div class=\"elementor-widget-container\">\n\t\t\t\t\t\t\t<div class=\"elementor-spacer\">\n\t\t\t<div class=\"elementor-spacer-inner\"><\/div>\n\t\t<\/div>\n\t\t\t\t\t\t<\/div>\n\t\t\t\t<\/div>\n\t\t\t\t\t<\/div>\n\t\t<\/div>\n\t\t\t\t\t<\/div>\n\t\t<\/section>\n\t\t\t\t<\/div>\n\t\t","protected":false},"excerpt":{"rendered":"<p>AGs &amp; SMV In unseren AGs haben die Sch\u00fclerinnen und Sch\u00fcler die M\u00f6glichkeit sich auch au\u00dferhalb des Unterrichts sportlich und gestalterisch zu bet\u00e4tigen sowie spannende Projekte zu planen und umzusetzen. Nachfolgend erhalten Sie einen \u00dcberblick zu den verschiedenen AG-Angeboten und zur SMV. Foto AG Unser Ziel ist es die Welt durch die Linse zu entdecken, &hellip; <\/p>\n<p class=\"link-more\"><a href=\"https:\/\/nikolaus-kopernikus-gymnasium.de\/nkgweb\/index.php\/ags-smv-und-mehr\/\" class=\"more-link\">Mehr <span class=\"screen-reader-text\">\u00fcber &#8222;AGs, SMV und mehr&#8220; <\/span>Lesen<\/a><\/p>\n","protected":false},"author":6,"featured_media":7719,"parent":0,"menu_order":0,"comment_status":"closed","ping_status":"closed","template":"","meta":{"inspiro_hide_title":false,"footnotes":""},"class_list":["post-4014","page","type-page","status-publish","has-post-thumbnail","hentry"],"_links":{"self":[{"href":"https:\/\/nikolaus-kopernikus-gymnasium.de\/nkgweb\/index.php\/wp-json\/wp\/v2\/pages\/4014","targetHints":{"allow":["GET"]}}],"collection":[{"href":"https:\/\/nikolaus-kopernikus-gymnasium.de\/nkgweb\/index.php\/wp-json\/wp\/v2\/pages"}],"about":[{"href":"https:\/\/nikolaus-kopernikus-gymnasium.de\/nkgweb\/index.php\/wp-json\/wp\/v2\/types\/page"}],"author":[{"embeddable":true,"href":"https:\/\/nikolaus-kopernikus-gymnasium.de\/nkgweb\/index.php\/wp-json\/wp\/v2\/users\/6"}],"replies":[{"embeddable":true,"href":"https:\/\/nikolaus-kopernikus-gymnasium.de\/nkgweb\/index.php\/wp-json\/wp\/v2\/comments?post=4014"}],"version-history":[{"count":127,"href":"https:\/\/nikolaus-kopernikus-gymnasium.de\/nkgweb\/index.php\/wp-json\/wp\/v2\/pages\/4014\/revisions"}],"predecessor-version":[{"id":6789,"href":"https:\/\/nikolaus-kopernikus-gymnasium.de\/nkgweb\/index.php\/wp-json\/wp\/v2\/pages\/4014\/revisions\/6789"}],"wp:featuredmedia":[{"embeddable":true,"href":"https:\/\/nikolaus-kopernikus-gymnasium.de\/nkgweb\/index.php\/wp-json\/wp\/v2\/media\/7719"}],"wp:attachment":[{"href":"https:\/\/nikolaus-kopernikus-gymnasium.de\/nkgweb\/index.php\/wp-json\/wp\/v2\/media?parent=4014"}],"curies":[{"name":"wp","href":"https:\/\/api.w.org\/{rel}","templated":true}]}}