{"id":1087,"date":"2022-09-18T00:59:00","date_gmt":"2022-09-17T23:59:00","guid":{"rendered":"https:\/\/nikolaus-kopernikus-gymnasium.de\/nkgweb\/?page_id=1087"},"modified":"2026-02-22T14:48:53","modified_gmt":"2026-02-22T13:48:53","slug":"aktuelles","status":"publish","type":"page","link":"https:\/\/nikolaus-kopernikus-gymnasium.de\/nkgweb\/","title":{"rendered":"Aktuelles"},"content":{"rendered":"\t\t<div data-elementor-type=\"wp-page\" data-elementor-id=\"1087\" class=\"elementor elementor-1087\">\n\t\t\t\t\t\t<section class=\"elementor-section elementor-top-section elementor-element elementor-element-128ce67 elementor-section-boxed elementor-section-height-default elementor-section-height-default\" data-id=\"128ce67\" data-element_type=\"section\" data-e-type=\"section\">\n\t\t\t\t\t\t<div class=\"elementor-container elementor-column-gap-default\">\n\t\t\t\t\t<div class=\"elementor-column elementor-col-100 elementor-top-column elementor-element elementor-element-f4f06c3\" data-id=\"f4f06c3\" data-element_type=\"column\" data-e-type=\"column\">\n\t\t\t<div class=\"elementor-widget-wrap\">\n\t\t\t\t\t\t\t<\/div>\n\t\t<\/div>\n\t\t\t\t\t<\/div>\n\t\t<\/section>\n\t\t\t\t<section class=\"elementor-section elementor-top-section elementor-element elementor-element-e58b19f elementor-section-boxed elementor-section-height-default elementor-section-height-default\" data-id=\"e58b19f\" data-element_type=\"section\" data-e-type=\"section\">\n\t\t\t\t\t\t<div class=\"elementor-container elementor-column-gap-default\">\n\t\t\t\t\t<div class=\"elementor-column elementor-col-100 elementor-top-column elementor-element elementor-element-17a86a5\" data-id=\"17a86a5\" data-element_type=\"column\" data-e-type=\"column\">\n\t\t\t<div class=\"elementor-widget-wrap\">\n\t\t\t\t\t\t\t<\/div>\n\t\t<\/div>\n\t\t\t\t\t<\/div>\n\t\t<\/section>\n\t\t\t\t<section class=\"elementor-section elementor-top-section elementor-element elementor-element-781f196 elementor-section-boxed elementor-section-height-default elementor-section-height-default\" data-id=\"781f196\" data-element_type=\"section\" data-e-type=\"section\">\n\t\t\t\t\t\t<div class=\"elementor-container elementor-column-gap-default\">\n\t\t\t\t\t<div class=\"elementor-column elementor-col-100 elementor-top-column elementor-element elementor-element-cfa8be6\" data-id=\"cfa8be6\" data-element_type=\"column\" data-e-type=\"column\">\n\t\t\t<div class=\"elementor-widget-wrap elementor-element-populated\">\n\t\t\t\t\t\t\t<\/div>\n\t\t<\/div>\n\t\t\t\t\t<\/div>\n\t\t<\/section>\n\t\t\t\t<section class=\"elementor-section elementor-top-section elementor-element elementor-element-6bd2cfe elementor-section-boxed elementor-section-height-default elementor-section-height-default\" data-id=\"6bd2cfe\" data-element_type=\"section\" data-e-type=\"section\">\n\t\t\t\t\t\t<div class=\"elementor-container elementor-column-gap-default\">\n\t\t\t\t\t<div class=\"elementor-column elementor-col-100 elementor-top-column elementor-element elementor-element-e0119d0\" data-id=\"e0119d0\" data-element_type=\"column\" data-e-type=\"column\">\n\t\t\t<div class=\"elementor-widget-wrap elementor-element-populated\">\n\t\t\t\t\t\t<div class=\"elementor-element elementor-element-41cab40 elementor-widget elementor-widget-spacer\" data-id=\"41cab40\" data-element_type=\"widget\" data-e-type=\"widget\" data-widget_type=\"spacer.default\">\n\t\t\t\t<div class=\"elementor-widget-container\">\n\t\t\t\t\t\t\t<div class=\"elementor-spacer\">\n\t\t\t<div class=\"elementor-spacer-inner\"><\/div>\n\t\t<\/div>\n\t\t\t\t\t\t<\/div>\n\t\t\t\t<\/div>\n\t\t\t\t<div class=\"elementor-element elementor-element-0d0988a elementor-widget elementor-widget-heading\" data-id=\"0d0988a\" data-element_type=\"widget\" data-e-type=\"widget\" data-widget_type=\"heading.default\">\n\t\t\t\t<div class=\"elementor-widget-container\">\n\t\t\t\t\t<h2 class=\"elementor-heading-title elementor-size-default\">Aktuelles am NKG<\/h2>\t\t\t\t<\/div>\n\t\t\t\t<\/div>\n\t\t\t\t<div class=\"elementor-element elementor-element-f32c305 elementor-grid-3 elementor-grid-tablet-2 elementor-grid-mobile-1 elementor-widget elementor-widget-wpzoom-elementor-addons-posts-grid\" data-id=\"f32c305\" data-element_type=\"widget\" data-e-type=\"widget\" data-settings=\"{&quot;columns&quot;:&quot;3&quot;,&quot;columns_tablet&quot;:&quot;2&quot;,&quot;columns_mobile&quot;:&quot;1&quot;}\" data-widget_type=\"wpzoom-elementor-addons-posts-grid.default\">\n\t\t\t\t<div class=\"elementor-widget-container\">\n\t\t\t\t\t\t\t<div \n\t\t\tclass=\"wpz-grid\" \n\t\t\tdata-uid=\"f32c305\"\n\t\t\tdata-offset=\"9\"\n\t\t\tdata-posts-grid='{\"posts_per_page\":9,\"post_status\":\"publish\",\"paged\":1,\"post__not_in\":[],\"ignore_sticky_posts\":true,\"category_name\":\"allgemein\",\"orderby\":\"post_date\",\"order\":\"desc\",\"offset\":9,\"show_image\":\"yes\",\"post_thumbnail_size\":\"inspiro-loop\",\"show_title\":\"yes\",\"title_tag\":\"h3\",\"meta_data\":[\"date\"],\"show_excerpt\":\"yes\",\"excerpt_length\":25,\"show_read_more\":\"yes\",\"read_more_text\":\"weiterlesen \\u00bb\",\"grid_style\":\"1\",\"total\":294}'>\n\t\t\t\t\t\t<div class=\"wpz-grid-container elementor-grid wpz-grid-desktop-3  wpz-grid-tablet-2  wpz-grid-mobile-1 \">\n\t\t\t\t\n        <article id=\"post-8259\" class=\"wpz-post post-8259 post type-post status-publish format-standard has-post-thumbnail hentry category-allgemein\">\n         \n            <div class=\"post-grid-inner\">\n            \t\n            \t\t\t\t<div class=\"post-grid-thumbnail\">\n\t\t\t\t<a href=\"https:\/\/nikolaus-kopernikus-gymnasium.de\/nkgweb\/index.php\/2026\/07\/30\/nkg-beim-finale-des-vision-ing21-wettbewerbs\/\" title=\"NKG beim Finale des Vision-Ing21-Wettbewerbs\">\n\t\t\t\t\t<img fetchpriority=\"high\" decoding=\"async\" width=\"950\" height=\"320\" src=\"https:\/\/nikolaus-kopernikus-gymnasium.de\/nkgweb\/wp-content\/uploads\/IMG-20260723-WA0000-950x320.jpg\" class=\"attachment-inspiro-loop size-inspiro-loop wp-post-image\" alt=\"\" sizes=\"100vw\" \/>\t\t\t\t<\/a>\n\t\t\t<\/div>\n\t\t\n                <div class=\"post-grid-text-wrap\">\n               \t\t\t\t<h3 class=\"title\">\n\t\t\t<a href=\"https:\/\/nikolaus-kopernikus-gymnasium.de\/nkgweb\/index.php\/2026\/07\/30\/nkg-beim-finale-des-vision-ing21-wettbewerbs\/\" title=\"NKG beim Finale des Vision-Ing21-Wettbewerbs\">NKG beim Finale des Vision-Ing21-Wettbewerbs<\/a>\n\t\t<\/h3>\n\t\t\t                \t\t<div class=\"post-grid-meta\">\n\t\t\t<span class=\"post-date\">30. Juli 2026<\/span>\t\t<\/div>\n\t\t\t                <div class=\"post-grid-excerpt\"><p>Wie macht man unsichtbare Strahlung sichtbar? Mit genau dieser Frage besch\u00e4ftigten wir uns im P-Seminar Physik der 11. Jahrgangsstufe im Rahmen des Wettbewerbs \u201eVision-Ing21\u201c in&hellip;<\/p><\/div>\t                <a class=\"read-more-btn\" href=\"https:\/\/nikolaus-kopernikus-gymnasium.de\/nkgweb\/index.php\/2026\/07\/30\/nkg-beim-finale-des-vision-ing21-wettbewerbs\/\">weiterlesen \u00bb<\/a>                <\/div>\n\n            <\/div><!-- .blog-inner -->\n           \n        <\/article>\n\n        \n        <article id=\"post-8266\" class=\"wpz-post post-8266 post type-post status-publish format-standard has-post-thumbnail hentry category-allgemein\">\n         \n            <div class=\"post-grid-inner\">\n            \t\n            \t\t\t\t<div class=\"post-grid-thumbnail\">\n\t\t\t\t<a href=\"https:\/\/nikolaus-kopernikus-gymnasium.de\/nkgweb\/index.php\/2026\/07\/29\/nkg-on-air-die-letzte-folge-in-diesem-schuljahr\/\" title=\"NKG on air \u2013 die letzte Folge in diesem Schuljahr\">\n\t\t\t\t\t<img decoding=\"async\" width=\"950\" height=\"320\" src=\"https:\/\/nikolaus-kopernikus-gymnasium.de\/nkgweb\/wp-content\/uploads\/Bild-1-6-scaled-e1785392822904-950x320.jpg\" class=\"attachment-inspiro-loop size-inspiro-loop wp-post-image\" alt=\"\" srcset=\"https:\/\/nikolaus-kopernikus-gymnasium.de\/nkgweb\/wp-content\/uploads\/Bild-1-6-scaled-e1785392822904-950x320.jpg 950w, https:\/\/nikolaus-kopernikus-gymnasium.de\/nkgweb\/wp-content\/uploads\/Bild-1-6-scaled-e1785392822904-1900x640.jpg 1900w\" sizes=\"100vw\" \/>\t\t\t\t<\/a>\n\t\t\t<\/div>\n\t\t\n                <div class=\"post-grid-text-wrap\">\n               \t\t\t\t<h3 class=\"title\">\n\t\t\t<a href=\"https:\/\/nikolaus-kopernikus-gymnasium.de\/nkgweb\/index.php\/2026\/07\/29\/nkg-on-air-die-letzte-folge-in-diesem-schuljahr\/\" title=\"NKG on air \u2013 die letzte Folge in diesem Schuljahr\">NKG on air \u2013 die letzte Folge in diesem Schuljahr<\/a>\n\t\t<\/h3>\n\t\t\t                \t\t<div class=\"post-grid-meta\">\n\t\t\t<span class=\"post-date\">29. Juli 2026<\/span>\t\t<\/div>\n\t\t\t                <div class=\"post-grid-excerpt\"><p>Zum Abschluss des Schuljahres gibt es noch einmal eine neue Folge von \u201eNKG on air\u201c! Dieses Mal nehmen wir euch mit auf unsere Exkursion zum&hellip;<\/p><\/div>\t                <a class=\"read-more-btn\" href=\"https:\/\/nikolaus-kopernikus-gymnasium.de\/nkgweb\/index.php\/2026\/07\/29\/nkg-on-air-die-letzte-folge-in-diesem-schuljahr\/\">weiterlesen \u00bb<\/a>                <\/div>\n\n            <\/div><!-- .blog-inner -->\n           \n        <\/article>\n\n        \n        <article id=\"post-8273\" class=\"wpz-post post-8273 post type-post status-publish format-standard has-post-thumbnail hentry category-allgemein\">\n         \n            <div class=\"post-grid-inner\">\n            \t\n            \t\t\t\t<div class=\"post-grid-thumbnail\">\n\t\t\t\t<a href=\"https:\/\/nikolaus-kopernikus-gymnasium.de\/nkgweb\/index.php\/2026\/07\/28\/lavendelseife-chemie-fuer-zuhause\/\" title=\"Lavendelseife \u2013 Chemie f\u00fcr Zuhause\">\n\t\t\t\t\t<img decoding=\"async\" width=\"950\" height=\"320\" src=\"https:\/\/nikolaus-kopernikus-gymnasium.de\/nkgweb\/wp-content\/uploads\/Seife1-1-1-e1785393725259-950x320.jpeg\" class=\"attachment-inspiro-loop size-inspiro-loop wp-post-image\" alt=\"\" srcset=\"https:\/\/nikolaus-kopernikus-gymnasium.de\/nkgweb\/wp-content\/uploads\/Seife1-1-1-e1785393725259-950x320.jpeg 950w, https:\/\/nikolaus-kopernikus-gymnasium.de\/nkgweb\/wp-content\/uploads\/Seife1-1-1-e1785393725259-1900x640.jpeg 1900w\" sizes=\"100vw\" \/>\t\t\t\t<\/a>\n\t\t\t<\/div>\n\t\t\n                <div class=\"post-grid-text-wrap\">\n               \t\t\t\t<h3 class=\"title\">\n\t\t\t<a href=\"https:\/\/nikolaus-kopernikus-gymnasium.de\/nkgweb\/index.php\/2026\/07\/28\/lavendelseife-chemie-fuer-zuhause\/\" title=\"Lavendelseife \u2013 Chemie f\u00fcr Zuhause\">Lavendelseife \u2013 Chemie f\u00fcr Zuhause<\/a>\n\t\t<\/h3>\n\t\t\t                \t\t<div class=\"post-grid-meta\">\n\t\t\t<span class=\"post-date\">28. Juli 2026<\/span>\t\t<\/div>\n\t\t\t                <div class=\"post-grid-excerpt\"><p>Im Rahmen des Chemieunterrichts stellten die Sch\u00fclerinnen und Sch\u00fcler der 10A ihre eigene einfache Seife aus Oliven\u00f6l, Kokos\u00f6l und Lavendelbl\u00fcten her. Dieses spannende Experiment zeigte&hellip;<\/p><\/div>\t                <a class=\"read-more-btn\" href=\"https:\/\/nikolaus-kopernikus-gymnasium.de\/nkgweb\/index.php\/2026\/07\/28\/lavendelseife-chemie-fuer-zuhause\/\">weiterlesen \u00bb<\/a>                <\/div>\n\n            <\/div><!-- .blog-inner -->\n           \n        <\/article>\n\n        \n        <article id=\"post-8226\" class=\"wpz-post post-8226 post type-post status-publish format-standard has-post-thumbnail hentry category-allgemein\">\n         \n            <div class=\"post-grid-inner\">\n            \t\n            \t\t\t\t<div class=\"post-grid-thumbnail\">\n\t\t\t\t<a href=\"https:\/\/nikolaus-kopernikus-gymnasium.de\/nkgweb\/index.php\/2026\/07\/27\/reicht-es-fuer-das-treppchen\/\" title=\"Reicht es f\u00fcr das Treppchen? &#8211; Die Leichtathleten des NKGs beim Landesfinale\">\n\t\t\t\t\t<img loading=\"lazy\" decoding=\"async\" width=\"950\" height=\"320\" src=\"https:\/\/nikolaus-kopernikus-gymnasium.de\/nkgweb\/wp-content\/uploads\/P1100676-scaled-e1785141767895-950x320.jpg\" class=\"attachment-inspiro-loop size-inspiro-loop wp-post-image\" alt=\"\" srcset=\"https:\/\/nikolaus-kopernikus-gymnasium.de\/nkgweb\/wp-content\/uploads\/P1100676-scaled-e1785141767895-950x320.jpg 950w, https:\/\/nikolaus-kopernikus-gymnasium.de\/nkgweb\/wp-content\/uploads\/P1100676-scaled-e1785141767895-1900x640.jpg 1900w\" sizes=\"100vw\" \/>\t\t\t\t<\/a>\n\t\t\t<\/div>\n\t\t\n                <div class=\"post-grid-text-wrap\">\n               \t\t\t\t<h3 class=\"title\">\n\t\t\t<a href=\"https:\/\/nikolaus-kopernikus-gymnasium.de\/nkgweb\/index.php\/2026\/07\/27\/reicht-es-fuer-das-treppchen\/\" title=\"Reicht es f\u00fcr das Treppchen? &#8211; Die Leichtathleten des NKGs beim Landesfinale\">Reicht es f\u00fcr das Treppchen? &#8211; Die Leichtathleten des NKGs beim Landesfinale<\/a>\n\t\t<\/h3>\n\t\t\t                \t\t<div class=\"post-grid-meta\">\n\t\t\t<span class=\"post-date\">27. Juli 2026<\/span>\t\t<\/div>\n\t\t\t                <div class=\"post-grid-excerpt\"><p>Nachdem sich zwei Altersgruppen vom NKG beim Bezirksfinale in Augsburg f\u00fcr das Landesfinale, das dieses Jahr am 21.07. in Markt Schwaben stattfand, qualifiziert haben, wurde&hellip;<\/p><\/div>\t                <a class=\"read-more-btn\" href=\"https:\/\/nikolaus-kopernikus-gymnasium.de\/nkgweb\/index.php\/2026\/07\/27\/reicht-es-fuer-das-treppchen\/\">weiterlesen \u00bb<\/a>                <\/div>\n\n            <\/div><!-- .blog-inner -->\n           \n        <\/article>\n\n        \n        <article id=\"post-8214\" class=\"wpz-post post-8214 post type-post status-publish format-standard has-post-thumbnail hentry category-allgemein\">\n         \n            <div class=\"post-grid-inner\">\n            \t\n            \t\t\t\t<div class=\"post-grid-thumbnail\">\n\t\t\t\t<a href=\"https:\/\/nikolaus-kopernikus-gymnasium.de\/nkgweb\/index.php\/2026\/07\/26\/sommerabend-voller-musik-begeistert-auf-dem-weissenhorner-kirchplatz\/\" title=\"Sommerabend voller Musik begeistert auf dem Wei\u00dfenhorner Kirchplatz\">\n\t\t\t\t\t<img loading=\"lazy\" decoding=\"async\" width=\"950\" height=\"320\" src=\"https:\/\/nikolaus-kopernikus-gymnasium.de\/nkgweb\/wp-content\/uploads\/Beitragsbild-11-950x320.jpg\" class=\"attachment-inspiro-loop size-inspiro-loop wp-post-image\" alt=\"\" srcset=\"https:\/\/nikolaus-kopernikus-gymnasium.de\/nkgweb\/wp-content\/uploads\/Beitragsbild-11-950x320.jpg 950w, https:\/\/nikolaus-kopernikus-gymnasium.de\/nkgweb\/wp-content\/uploads\/Beitragsbild-11-1900x640.jpg 1900w\" sizes=\"100vw\" \/>\t\t\t\t<\/a>\n\t\t\t<\/div>\n\t\t\n                <div class=\"post-grid-text-wrap\">\n               \t\t\t\t<h3 class=\"title\">\n\t\t\t<a href=\"https:\/\/nikolaus-kopernikus-gymnasium.de\/nkgweb\/index.php\/2026\/07\/26\/sommerabend-voller-musik-begeistert-auf-dem-weissenhorner-kirchplatz\/\" title=\"Sommerabend voller Musik begeistert auf dem Wei\u00dfenhorner Kirchplatz\">Sommerabend voller Musik begeistert auf dem Wei\u00dfenhorner Kirchplatz<\/a>\n\t\t<\/h3>\n\t\t\t                \t\t<div class=\"post-grid-meta\">\n\t\t\t<span class=\"post-date\">26. Juli 2026<\/span>\t\t<\/div>\n\t\t\t                <div class=\"post-grid-excerpt\"><p>Ein lauer Sommerabend, eine beeindruckende Kulisse und ein bis auf den letzten Platz gef\u00fcllter Kirchplatz: Bessere Voraussetzungen h\u00e4tte das Sommer-Sinfonie-Open-Air am Freitagabend kaum haben k\u00f6nnen.&hellip;<\/p><\/div>\t                <a class=\"read-more-btn\" href=\"https:\/\/nikolaus-kopernikus-gymnasium.de\/nkgweb\/index.php\/2026\/07\/26\/sommerabend-voller-musik-begeistert-auf-dem-weissenhorner-kirchplatz\/\">weiterlesen \u00bb<\/a>                <\/div>\n\n            <\/div><!-- .blog-inner -->\n           \n        <\/article>\n\n        \n        <article id=\"post-8142\" class=\"wpz-post post-8142 post type-post status-publish format-standard has-post-thumbnail hentry category-allgemein\">\n         \n            <div class=\"post-grid-inner\">\n            \t\n            \t\t\t\t<div class=\"post-grid-thumbnail\">\n\t\t\t\t<a href=\"https:\/\/nikolaus-kopernikus-gymnasium.de\/nkgweb\/index.php\/2026\/07\/15\/gewaesserexkursion-zum-plessenteich\/\" title=\"Gew\u00e4sserexkursion zum Plessenteich\">\n\t\t\t\t\t<img loading=\"lazy\" decoding=\"async\" width=\"950\" height=\"320\" src=\"https:\/\/nikolaus-kopernikus-gymnasium.de\/nkgweb\/wp-content\/uploads\/Weiher4_-950x320.gif\" class=\"attachment-inspiro-loop size-inspiro-loop wp-post-image\" alt=\"\" srcset=\"https:\/\/nikolaus-kopernikus-gymnasium.de\/nkgweb\/wp-content\/uploads\/Weiher4_-950x320.gif 950w, https:\/\/nikolaus-kopernikus-gymnasium.de\/nkgweb\/wp-content\/uploads\/Weiher4_-1900x640.gif 1900w\" sizes=\"100vw\" \/>\t\t\t\t<\/a>\n\t\t\t<\/div>\n\t\t\n                <div class=\"post-grid-text-wrap\">\n               \t\t\t\t<h3 class=\"title\">\n\t\t\t<a href=\"https:\/\/nikolaus-kopernikus-gymnasium.de\/nkgweb\/index.php\/2026\/07\/15\/gewaesserexkursion-zum-plessenteich\/\" title=\"Gew\u00e4sserexkursion zum Plessenteich\">Gew\u00e4sserexkursion zum Plessenteich<\/a>\n\t\t<\/h3>\n\t\t\t                \t\t<div class=\"post-grid-meta\">\n\t\t\t<span class=\"post-date\">15. Juli 2026<\/span>\t\t<\/div>\n\t\t\t                <div class=\"post-grid-excerpt\"><p>Im Rahmen des Lehrplans des Faches Natur und Technik begaben sich die Sch\u00fclerinnen und Sch\u00fcler der sechsten Klassen auf eine Gew\u00e4sserexkursion zum Plessenteich (Senden\/Gerlenhofen). Nach&hellip;<\/p><\/div>\t                <a class=\"read-more-btn\" href=\"https:\/\/nikolaus-kopernikus-gymnasium.de\/nkgweb\/index.php\/2026\/07\/15\/gewaesserexkursion-zum-plessenteich\/\">weiterlesen \u00bb<\/a>                <\/div>\n\n            <\/div><!-- .blog-inner -->\n           \n        <\/article>\n\n        \n        <article id=\"post-8181\" class=\"wpz-post post-8181 post type-post status-publish format-standard has-post-thumbnail hentry category-allgemein\">\n         \n            <div class=\"post-grid-inner\">\n            \t\n            \t\t\t\t<div class=\"post-grid-thumbnail\">\n\t\t\t\t<a href=\"https:\/\/nikolaus-kopernikus-gymnasium.de\/nkgweb\/index.php\/2026\/07\/14\/neue-folge-von-nkg-on-air\/\" title=\"Neue Folge von NKG on air\">\n\t\t\t\t\t<img loading=\"lazy\" decoding=\"async\" width=\"950\" height=\"320\" src=\"https:\/\/nikolaus-kopernikus-gymnasium.de\/nkgweb\/wp-content\/uploads\/Logo-5-e1784635899754-950x320.jpeg\" class=\"attachment-inspiro-loop size-inspiro-loop wp-post-image\" alt=\"\" sizes=\"100vw\" \/>\t\t\t\t<\/a>\n\t\t\t<\/div>\n\t\t\n                <div class=\"post-grid-text-wrap\">\n               \t\t\t\t<h3 class=\"title\">\n\t\t\t<a href=\"https:\/\/nikolaus-kopernikus-gymnasium.de\/nkgweb\/index.php\/2026\/07\/14\/neue-folge-von-nkg-on-air\/\" title=\"Neue Folge von NKG on air\">Neue Folge von NKG on air<\/a>\n\t\t<\/h3>\n\t\t\t                \t\t<div class=\"post-grid-meta\">\n\t\t\t<span class=\"post-date\">14. Juli 2026<\/span>\t\t<\/div>\n\t\t\t                <div class=\"post-grid-excerpt\"><p>Die neue Folge von NKG on air bietet wieder spannende Einblicke in das Schulleben am Nikolaus-Kopernikus-Gymnasium. Im NKG-Newsflash erfahrt ihr Wichtiges zu aktuellen Ereignissen, vergangenen&hellip;<\/p><\/div>\t                <a class=\"read-more-btn\" href=\"https:\/\/nikolaus-kopernikus-gymnasium.de\/nkgweb\/index.php\/2026\/07\/14\/neue-folge-von-nkg-on-air\/\">weiterlesen \u00bb<\/a>                <\/div>\n\n            <\/div><!-- .blog-inner -->\n           \n        <\/article>\n\n        \n        <article id=\"post-8151\" class=\"wpz-post post-8151 post type-post status-publish format-standard has-post-thumbnail hentry category-allgemein\">\n         \n            <div class=\"post-grid-inner\">\n            \t\n            \t\t\t\t<div class=\"post-grid-thumbnail\">\n\t\t\t\t<a href=\"https:\/\/nikolaus-kopernikus-gymnasium.de\/nkgweb\/index.php\/2026\/07\/11\/internationale-chemie-olympiade\/\" title=\"Internationale Chemie-Olympiade\">\n\t\t\t\t\t<img loading=\"lazy\" decoding=\"async\" width=\"950\" height=\"320\" src=\"https:\/\/nikolaus-kopernikus-gymnasium.de\/nkgweb\/wp-content\/uploads\/Internationale-Chemie-Olympiade-3-scaled-e1783756377544-950x320.jpg\" class=\"attachment-inspiro-loop size-inspiro-loop wp-post-image\" alt=\"\" srcset=\"https:\/\/nikolaus-kopernikus-gymnasium.de\/nkgweb\/wp-content\/uploads\/Internationale-Chemie-Olympiade-3-scaled-e1783756377544-950x320.jpg 950w, https:\/\/nikolaus-kopernikus-gymnasium.de\/nkgweb\/wp-content\/uploads\/Internationale-Chemie-Olympiade-3-scaled-e1783756377544-1900x640.jpg 1900w\" sizes=\"100vw\" \/>\t\t\t\t<\/a>\n\t\t\t<\/div>\n\t\t\n                <div class=\"post-grid-text-wrap\">\n               \t\t\t\t<h3 class=\"title\">\n\t\t\t<a href=\"https:\/\/nikolaus-kopernikus-gymnasium.de\/nkgweb\/index.php\/2026\/07\/11\/internationale-chemie-olympiade\/\" title=\"Internationale Chemie-Olympiade\">Internationale Chemie-Olympiade<\/a>\n\t\t<\/h3>\n\t\t\t                \t\t<div class=\"post-grid-meta\">\n\t\t\t<span class=\"post-date\">11. Juli 2026<\/span>\t\t<\/div>\n\t\t\t                <div class=\"post-grid-excerpt\"><p>Gro\u00dfe Ehre f\u00fcr unsere Schule: Karl und Sarah aus der Klasse 11B haben es dieses Jahr in die zweite Runde der Internationalen Chemie-Olympiade (IChO) geschafft&hellip;<\/p><\/div>\t                <a class=\"read-more-btn\" href=\"https:\/\/nikolaus-kopernikus-gymnasium.de\/nkgweb\/index.php\/2026\/07\/11\/internationale-chemie-olympiade\/\">weiterlesen \u00bb<\/a>                <\/div>\n\n            <\/div><!-- .blog-inner -->\n           \n        <\/article>\n\n        \n        <article id=\"post-8125\" class=\"wpz-post post-8125 post type-post status-publish format-standard has-post-thumbnail hentry category-allgemein\">\n         \n            <div class=\"post-grid-inner\">\n            \t\n            \t\t\t\t<div class=\"post-grid-thumbnail\">\n\t\t\t\t<a href=\"https:\/\/nikolaus-kopernikus-gymnasium.de\/nkgweb\/index.php\/2026\/07\/08\/architektur-hautnah-erleben\/\" title=\"Architektur hautnah erleben\">\n\t\t\t\t\t<img loading=\"lazy\" decoding=\"async\" width=\"950\" height=\"320\" src=\"https:\/\/nikolaus-kopernikus-gymnasium.de\/nkgweb\/wp-content\/uploads\/IMG_4551-scaled-e1783515053356-950x320.jpg\" class=\"attachment-inspiro-loop size-inspiro-loop wp-post-image\" alt=\"\" srcset=\"https:\/\/nikolaus-kopernikus-gymnasium.de\/nkgweb\/wp-content\/uploads\/IMG_4551-scaled-e1783515053356-950x320.jpg 950w, https:\/\/nikolaus-kopernikus-gymnasium.de\/nkgweb\/wp-content\/uploads\/IMG_4551-scaled-e1783515053356-1900x640.jpg 1900w\" sizes=\"100vw\" \/>\t\t\t\t<\/a>\n\t\t\t<\/div>\n\t\t\n                <div class=\"post-grid-text-wrap\">\n               \t\t\t\t<h3 class=\"title\">\n\t\t\t<a href=\"https:\/\/nikolaus-kopernikus-gymnasium.de\/nkgweb\/index.php\/2026\/07\/08\/architektur-hautnah-erleben\/\" title=\"Architektur hautnah erleben\">Architektur hautnah erleben<\/a>\n\t\t<\/h3>\n\t\t\t                \t\t<div class=\"post-grid-meta\">\n\t\t\t<span class=\"post-date\">8. Juli 2026<\/span>\t\t<\/div>\n\t\t\t                <div class=\"post-grid-excerpt\"><p>Im Rahmen einer Stadtexkursion nach Ulm erkundete der Kunstkurs der 11a Stadtgestaltung und Architektur aus unterschiedlichen Perspektiven. Inspiriert von der Spaziergangswissenschaft untersuchten die Sch\u00fclerinnen und&hellip;<\/p><\/div>\t                <a class=\"read-more-btn\" href=\"https:\/\/nikolaus-kopernikus-gymnasium.de\/nkgweb\/index.php\/2026\/07\/08\/architektur-hautnah-erleben\/\">weiterlesen \u00bb<\/a>                <\/div>\n\n            <\/div><!-- .blog-inner -->\n           \n        <\/article>\n\n        \t\t\t<\/div>\n\n\t\t\t\t\t\t\t\t\t\t<div class=\"wpz-posts-grid-load-more\">\n\t\t\t\t\t<a href=\"#\" class=\"wpz-posts-grid-load-more-btn btn\">Mehr laden<\/a>\n\t\t\t\t<\/div>\n\t\t\t\t<input type=\"hidden\" id=\"wpz_posts_grid_load_moref32c305\" name=\"wpz_posts_grid_load_moref32c305\" value=\"d32278d67e\" \/><input type=\"hidden\" name=\"_wp_http_referer\" value=\"\/nkgweb\/index.php\/wp-json\/wp\/v2\/pages\/1087\" \/>\t\t\t\t\t\n\t\t<\/div><!-- \/\/.wpz-grid -->\n\t\t\t\t\t\t<\/div>\n\t\t\t\t<\/div>\n\t\t\t\t\t<\/div>\n\t\t<\/div>\n\t\t\t\t\t<\/div>\n\t\t<\/section>\n\t\t\t\t<section class=\"elementor-section elementor-top-section elementor-element elementor-element-a2f83af elementor-section-boxed elementor-section-height-default elementor-section-height-default\" data-id=\"a2f83af\" data-element_type=\"section\" data-e-type=\"section\">\n\t\t\t\t\t\t<div class=\"elementor-container elementor-column-gap-default\">\n\t\t\t\t\t<div class=\"elementor-column elementor-col-20 elementor-top-column elementor-element elementor-element-4a1b2d7\" data-id=\"4a1b2d7\" data-element_type=\"column\" data-e-type=\"column\">\n\t\t\t<div class=\"elementor-widget-wrap elementor-element-populated\">\n\t\t\t\t\t\t<div class=\"elementor-element elementor-element-3e58a92 elementor-widget elementor-widget-image\" data-id=\"3e58a92\" data-element_type=\"widget\" data-e-type=\"widget\" data-widget_type=\"image.default\">\n\t\t\t\t<div class=\"elementor-widget-container\">\n\t\t\t\t\t\t\t\t\t\t\t\t\t\t\t\t<a href=\"https:\/\/nikolaus-kopernikus-gymnasium.de\/nkgweb\/index.php\/umweltschule\/\">\n\t\t\t\t\t\t\t<img loading=\"lazy\" decoding=\"async\" width=\"1000\" height=\"998\" src=\"https:\/\/nikolaus-kopernikus-gymnasium.de\/nkgweb\/wp-content\/uploads\/Umweltschule-Logo-4.jpg\" class=\"attachment-1536x1536 size-1536x1536 wp-image-6012\" alt=\"\" srcset=\"https:\/\/nikolaus-kopernikus-gymnasium.de\/nkgweb\/wp-content\/uploads\/Umweltschule-Logo-4.jpg 1000w, https:\/\/nikolaus-kopernikus-gymnasium.de\/nkgweb\/wp-content\/uploads\/Umweltschule-Logo-4-300x300.jpg 300w, https:\/\/nikolaus-kopernikus-gymnasium.de\/nkgweb\/wp-content\/uploads\/Umweltschule-Logo-4-150x150.jpg 150w\" sizes=\"100vw\" \/>\t\t\t\t\t\t\t\t<\/a>\n\t\t\t\t\t\t\t\t\t\t\t\t\t\t\t<\/div>\n\t\t\t\t<\/div>\n\t\t\t\t\t<\/div>\n\t\t<\/div>\n\t\t\t\t<div class=\"elementor-column elementor-col-20 elementor-top-column elementor-element elementor-element-1613309\" data-id=\"1613309\" data-element_type=\"column\" data-e-type=\"column\">\n\t\t\t<div class=\"elementor-widget-wrap elementor-element-populated\">\n\t\t\t\t\t\t<div class=\"elementor-element elementor-element-9497e13 elementor-widget elementor-widget-image\" data-id=\"9497e13\" data-element_type=\"widget\" data-e-type=\"widget\" data-widget_type=\"image.default\">\n\t\t\t\t<div class=\"elementor-widget-container\">\n\t\t\t\t\t\t\t\t\t\t\t\t\t\t\t\t<a href=\"https:\/\/nikolaus-kopernikus-gymnasium.de\/nkgweb\/index.php\/2025\/05\/15\/schule-ohne-rassismus-schule-mit-courage\/\">\n\t\t\t\t\t\t\t<img loading=\"lazy\" decoding=\"async\" width=\"950\" height=\"327\" src=\"https:\/\/nikolaus-kopernikus-gymnasium.de\/nkgweb\/wp-content\/uploads\/Schule_ohne_Rassismus.svg_-1-1024x352.png\" class=\"attachment-large size-large wp-image-7502\" alt=\"\" srcset=\"https:\/\/nikolaus-kopernikus-gymnasium.de\/nkgweb\/wp-content\/uploads\/Schule_ohne_Rassismus.svg_-1-1024x352.png 1024w, https:\/\/nikolaus-kopernikus-gymnasium.de\/nkgweb\/wp-content\/uploads\/Schule_ohne_Rassismus.svg_-1-300x103.png 300w, https:\/\/nikolaus-kopernikus-gymnasium.de\/nkgweb\/wp-content\/uploads\/Schule_ohne_Rassismus.svg_-1.png 1200w\" sizes=\"100vw\" \/>\t\t\t\t\t\t\t\t<\/a>\n\t\t\t\t\t\t\t\t\t\t\t\t\t\t\t<\/div>\n\t\t\t\t<\/div>\n\t\t\t\t\t<\/div>\n\t\t<\/div>\n\t\t\t\t<div class=\"elementor-column elementor-col-20 elementor-top-column elementor-element elementor-element-3b5f688\" data-id=\"3b5f688\" data-element_type=\"column\" data-e-type=\"column\">\n\t\t\t<div class=\"elementor-widget-wrap elementor-element-populated\">\n\t\t\t\t\t\t<div class=\"elementor-element elementor-element-7ab676e elementor-widget elementor-widget-image\" data-id=\"7ab676e\" data-element_type=\"widget\" data-e-type=\"widget\" data-widget_type=\"image.default\">\n\t\t\t\t<div class=\"elementor-widget-container\">\n\t\t\t\t\t\t\t\t\t\t\t\t\t\t\t\t<a href=\"https:\/\/nikolaus-kopernikus-gymnasium.de\/nkgweb\/index.php\/musik\/\">\n\t\t\t\t\t\t\t<img loading=\"lazy\" decoding=\"async\" width=\"950\" height=\"959\" src=\"https:\/\/nikolaus-kopernikus-gymnasium.de\/nkgweb\/wp-content\/uploads\/Sinfonieorchester-NKG-Logo-1014x1024.png\" class=\"attachment-large size-large wp-image-849\" alt=\"\" srcset=\"https:\/\/nikolaus-kopernikus-gymnasium.de\/nkgweb\/wp-content\/uploads\/Sinfonieorchester-NKG-Logo-1014x1024.png 1014w, https:\/\/nikolaus-kopernikus-gymnasium.de\/nkgweb\/wp-content\/uploads\/Sinfonieorchester-NKG-Logo-297x300.png 297w, https:\/\/nikolaus-kopernikus-gymnasium.de\/nkgweb\/wp-content\/uploads\/Sinfonieorchester-NKG-Logo-150x150.png 150w, https:\/\/nikolaus-kopernikus-gymnasium.de\/nkgweb\/wp-content\/uploads\/Sinfonieorchester-NKG-Logo-768x776.png 768w, https:\/\/nikolaus-kopernikus-gymnasium.de\/nkgweb\/wp-content\/uploads\/Sinfonieorchester-NKG-Logo.png 1500w\" sizes=\"100vw\" \/>\t\t\t\t\t\t\t\t<\/a>\n\t\t\t\t\t\t\t\t\t\t\t\t\t\t\t<\/div>\n\t\t\t\t<\/div>\n\t\t\t\t\t<\/div>\n\t\t<\/div>\n\t\t\t\t<div class=\"elementor-column elementor-col-20 elementor-top-column elementor-element elementor-element-761d052\" data-id=\"761d052\" data-element_type=\"column\" data-e-type=\"column\">\n\t\t\t<div class=\"elementor-widget-wrap elementor-element-populated\">\n\t\t\t\t\t\t<div class=\"elementor-element elementor-element-fb55cb9 elementor-widget elementor-widget-image\" data-id=\"fb55cb9\" data-element_type=\"widget\" data-e-type=\"widget\" data-widget_type=\"image.default\">\n\t\t\t\t<div class=\"elementor-widget-container\">\n\t\t\t\t\t\t\t\t\t\t\t\t\t\t\t\t<a href=\"https:\/\/nikolaus-kopernikus-gymnasium.de\/nkgweb\/index.php\/munyu-solidaritaet-meets-nkg\/\">\n\t\t\t\t\t\t\t<img loading=\"lazy\" decoding=\"async\" width=\"610\" height=\"596\" src=\"https:\/\/nikolaus-kopernikus-gymnasium.de\/nkgweb\/wp-content\/uploads\/Logo-Munyu-3.png\" class=\"attachment-large size-large wp-image-5948\" alt=\"\" srcset=\"https:\/\/nikolaus-kopernikus-gymnasium.de\/nkgweb\/wp-content\/uploads\/Logo-Munyu-3.png 610w, https:\/\/nikolaus-kopernikus-gymnasium.de\/nkgweb\/wp-content\/uploads\/Logo-Munyu-3-300x293.png 300w\" sizes=\"100vw\" \/>\t\t\t\t\t\t\t\t<\/a>\n\t\t\t\t\t\t\t\t\t\t\t\t\t\t\t<\/div>\n\t\t\t\t<\/div>\n\t\t\t\t\t<\/div>\n\t\t<\/div>\n\t\t\t\t<div class=\"elementor-column elementor-col-20 elementor-top-column elementor-element elementor-element-9f89feb\" data-id=\"9f89feb\" data-element_type=\"column\" data-e-type=\"column\">\n\t\t\t<div class=\"elementor-widget-wrap elementor-element-populated\">\n\t\t\t\t\t\t<div class=\"elementor-element elementor-element-08548c3 elementor-widget elementor-widget-image\" data-id=\"08548c3\" data-element_type=\"widget\" data-e-type=\"widget\" data-widget_type=\"image.default\">\n\t\t\t\t<div class=\"elementor-widget-container\">\n\t\t\t\t\t\t\t\t\t\t\t\t\t\t\t<img loading=\"lazy\" decoding=\"async\" width=\"483\" height=\"483\" src=\"https:\/\/nikolaus-kopernikus-gymnasium.de\/nkgweb\/wp-content\/uploads\/JG-Partnerschule-Logo.png\" class=\"attachment-large size-large wp-image-848\" alt=\"\" srcset=\"https:\/\/nikolaus-kopernikus-gymnasium.de\/nkgweb\/wp-content\/uploads\/JG-Partnerschule-Logo.png 483w, https:\/\/nikolaus-kopernikus-gymnasium.de\/nkgweb\/wp-content\/uploads\/JG-Partnerschule-Logo-300x300.png 300w, https:\/\/nikolaus-kopernikus-gymnasium.de\/nkgweb\/wp-content\/uploads\/JG-Partnerschule-Logo-150x150.png 150w\" sizes=\"100vw\" \/>\t\t\t\t\t\t\t\t\t\t\t\t\t\t\t<\/div>\n\t\t\t\t<\/div>\n\t\t\t\t\t<\/div>\n\t\t<\/div>\n\t\t\t\t\t<\/div>\n\t\t<\/section>\n\t\t\t\t<section class=\"elementor-section elementor-top-section elementor-element elementor-element-16a0cc9 elementor-section-boxed elementor-section-height-default elementor-section-height-default\" data-id=\"16a0cc9\" data-element_type=\"section\" data-e-type=\"section\">\n\t\t\t\t\t\t<div class=\"elementor-container elementor-column-gap-default\">\n\t\t\t\t\t<div class=\"elementor-column elementor-col-100 elementor-top-column elementor-element elementor-element-6948d38\" data-id=\"6948d38\" data-element_type=\"column\" data-e-type=\"column\">\n\t\t\t<div class=\"elementor-widget-wrap elementor-element-populated\">\n\t\t\t\t\t\t<div class=\"elementor-element elementor-element-7c9f95f elementor-widget elementor-widget-spacer\" data-id=\"7c9f95f\" data-element_type=\"widget\" data-e-type=\"widget\" data-widget_type=\"spacer.default\">\n\t\t\t\t<div class=\"elementor-widget-container\">\n\t\t\t\t\t\t\t<div class=\"elementor-spacer\">\n\t\t\t<div class=\"elementor-spacer-inner\"><\/div>\n\t\t<\/div>\n\t\t\t\t\t\t<\/div>\n\t\t\t\t<\/div>\n\t\t\t\t\t<\/div>\n\t\t<\/div>\n\t\t\t\t\t<\/div>\n\t\t<\/section>\n\t\t\t\t<section class=\"elementor-section elementor-top-section elementor-element elementor-element-e241ea3 elementor-section-boxed elementor-section-height-default elementor-section-height-default\" data-id=\"e241ea3\" data-element_type=\"section\" data-e-type=\"section\" data-settings=\"{&quot;background_background&quot;:&quot;classic&quot;}\">\n\t\t\t\t\t\t<div class=\"elementor-container elementor-column-gap-default\">\n\t\t\t\t\t<div class=\"elementor-column elementor-col-50 elementor-top-column elementor-element elementor-element-20d2ad2\" data-id=\"20d2ad2\" data-element_type=\"column\" data-e-type=\"column\">\n\t\t\t<div class=\"elementor-widget-wrap elementor-element-populated\">\n\t\t\t\t\t\t<div class=\"elementor-element elementor-element-18a9317 elementor-widget elementor-widget-text-editor\" data-id=\"18a9317\" data-element_type=\"widget\" data-e-type=\"widget\" data-widget_type=\"text-editor.default\">\n\t\t\t\t<div class=\"elementor-widget-container\">\n\t\t\t\t\t\t\t\t\t<p><strong>Kontakt<\/strong><\/p>\t\t\t\t\t\t\t\t<\/div>\n\t\t\t\t<\/div>\n\t\t\t\t<div class=\"elementor-element elementor-element-8d4373c elementor-widget elementor-widget-spacer\" data-id=\"8d4373c\" data-element_type=\"widget\" data-e-type=\"widget\" data-widget_type=\"spacer.default\">\n\t\t\t\t<div class=\"elementor-widget-container\">\n\t\t\t\t\t\t\t<div class=\"elementor-spacer\">\n\t\t\t<div class=\"elementor-spacer-inner\"><\/div>\n\t\t<\/div>\n\t\t\t\t\t\t<\/div>\n\t\t\t\t<\/div>\n\t\t\t\t<div class=\"elementor-element elementor-element-e0be0ab elementor-widget elementor-widget-text-editor\" data-id=\"e0be0ab\" data-element_type=\"widget\" data-e-type=\"widget\" data-widget_type=\"text-editor.default\">\n\t\t\t\t<div class=\"elementor-widget-container\">\n\t\t\t\t\t\t\t\t\t<p>Buchenweg 22<br \/>89264 Wei\u00dfenhorn<br \/>+49 \u2013 7309 \u2013 9646 \u2013 0<br \/>+49 \u2013 7309 \u2013 9646 \u2013 222<br \/>sekretariat@gymnasium-weissenhorn.de<\/p>\t\t\t\t\t\t\t\t<\/div>\n\t\t\t\t<\/div>\n\t\t\t\t\t<\/div>\n\t\t<\/div>\n\t\t\t\t<div class=\"elementor-column elementor-col-50 elementor-top-column elementor-element elementor-element-366bf37\" data-id=\"366bf37\" data-element_type=\"column\" data-e-type=\"column\">\n\t\t\t<div class=\"elementor-widget-wrap elementor-element-populated\">\n\t\t\t\t\t\t<div class=\"elementor-element elementor-element-47d1335 elementor-widget elementor-widget-google_maps\" data-id=\"47d1335\" data-element_type=\"widget\" data-e-type=\"widget\" data-widget_type=\"google_maps.default\">\n\t\t\t\t<div class=\"elementor-widget-container\">\n\t\t\t\t\t\t\t<div class=\"elementor-custom-embed\">\n\t\t\t<iframe loading=\"lazy\"\n\t\t\t\t\tsrc=\"https:\/\/maps.google.com\/maps?q=Buchenweg%2022%20Wei%C3%9Fenhorn&#038;t=m&#038;z=14&#038;output=embed&#038;iwloc=near\"\n\t\t\t\t\ttitle=\"Buchenweg 22 Wei\u00dfenhorn\"\n\t\t\t\t\taria-label=\"Buchenweg 22 Wei\u00dfenhorn\"\n\t\t\t><\/iframe>\n\t\t<\/div>\n\t\t\t\t\t\t<\/div>\n\t\t\t\t<\/div>\n\t\t\t\t\t<\/div>\n\t\t<\/div>\n\t\t\t\t\t<\/div>\n\t\t<\/section>\n\t\t\t\t<section class=\"elementor-section elementor-top-section elementor-element elementor-element-2a430a7 elementor-section-boxed elementor-section-height-default elementor-section-height-default\" data-id=\"2a430a7\" data-element_type=\"section\" data-e-type=\"section\">\n\t\t\t\t\t\t<div class=\"elementor-container elementor-column-gap-default\">\n\t\t\t\t\t<div class=\"elementor-column elementor-col-100 elementor-top-column elementor-element elementor-element-e875981\" data-id=\"e875981\" data-element_type=\"column\" data-e-type=\"column\">\n\t\t\t<div class=\"elementor-widget-wrap elementor-element-populated\">\n\t\t\t\t\t\t<div class=\"elementor-element elementor-element-57e3059 elementor-widget elementor-widget-spacer\" data-id=\"57e3059\" data-element_type=\"widget\" data-e-type=\"widget\" data-widget_type=\"spacer.default\">\n\t\t\t\t<div class=\"elementor-widget-container\">\n\t\t\t\t\t\t\t<div class=\"elementor-spacer\">\n\t\t\t<div class=\"elementor-spacer-inner\"><\/div>\n\t\t<\/div>\n\t\t\t\t\t\t<\/div>\n\t\t\t\t<\/div>\n\t\t\t\t\t<\/div>\n\t\t<\/div>\n\t\t\t\t\t<\/div>\n\t\t<\/section>\n\t\t\t\t<\/div>\n\t\t","protected":false},"excerpt":{"rendered":"<p>Aktuelles am NKG Herzliche Einladung zu Klasse Klassik! 19. Februar 2026 Ein musikalisches Highlight erwartet unsere Schulgemeinschaft und alle Musikbegeisterten:Am Sonntag, 1. M\u00e4rz 2026, um 11.00 Uhr steht das Sinfonieorchester des Nikolaus-Kopernikus-Gymnasiums Wei\u00dfenhorn gemeinsam mit weiteren ausgew\u00e4hlten bayerischen Schulorchestern und Mitgliedern des M\u00fcnchner Rundfunkorchesters auf der gro\u00dfen B\u00fchne der Isarphilharmonie im Gasteig HP8. Im Rahmen &hellip; <\/p>\n<p class=\"link-more\"><a href=\"https:\/\/nikolaus-kopernikus-gymnasium.de\/nkgweb\/index.php\/2026\/07\/08\/architektur-hautnah-erleben\/\" class=\"more-link\">Mehr <span class=\"screen-reader-text\">\u00fcber &#8222;Architektur hautnah erleben&#8220; <\/span>Lesen<\/a><\/p>\n","protected":false},"author":1,"featured_media":5963,"parent":0,"menu_order":0,"comment_status":"closed","ping_status":"closed","template":"","meta":{"inspiro_hide_title":false,"inspiro_hide_featured_image":false,"footnotes":""},"class_list":["post-1087","page","type-page","status-publish","has-post-thumbnail","hentry"],"_links":{"self":[{"href":"https:\/\/nikolaus-kopernikus-gymnasium.de\/nkgweb\/index.php\/wp-json\/wp\/v2\/pages\/1087","targetHints":{"allow":["GET"]}}],"collection":[{"href":"https:\/\/nikolaus-kopernikus-gymnasium.de\/nkgweb\/index.php\/wp-json\/wp\/v2\/pages"}],"about":[{"href":"https:\/\/nikolaus-kopernikus-gymnasium.de\/nkgweb\/index.php\/wp-json\/wp\/v2\/types\/page"}],"author":[{"embeddable":true,"href":"https:\/\/nikolaus-kopernikus-gymnasium.de\/nkgweb\/index.php\/wp-json\/wp\/v2\/users\/1"}],"replies":[{"embeddable":true,"href":"https:\/\/nikolaus-kopernikus-gymnasium.de\/nkgweb\/index.php\/wp-json\/wp\/v2\/comments?post=1087"}],"version-history":[{"count":199,"href":"https:\/\/nikolaus-kopernikus-gymnasium.de\/nkgweb\/index.php\/wp-json\/wp\/v2\/pages\/1087\/revisions"}],"predecessor-version":[{"id":7505,"href":"https:\/\/nikolaus-kopernikus-gymnasium.de\/nkgweb\/index.php\/wp-json\/wp\/v2\/pages\/1087\/revisions\/7505"}],"wp:featuredmedia":[{"embeddable":true,"href":"https:\/\/nikolaus-kopernikus-gymnasium.de\/nkgweb\/index.php\/wp-json\/wp\/v2\/media\/5963"}],"wp:attachment":[{"href":"https:\/\/nikolaus-kopernikus-gymnasium.de\/nkgweb\/index.php\/wp-json\/wp\/v2\/media?parent=1087"}],"curies":[{"name":"wp","href":"https:\/\/api.w.org\/{rel}","templated":true}]}}